{"id":364,"date":"2016-05-11T19:49:27","date_gmt":"2016-05-11T19:49:27","guid":{"rendered":"https:\/\/www.hoferarchitettura.ch\/home\/"},"modified":"2024-10-29T10:44:51","modified_gmt":"2024-10-29T10:44:51","slug":"home","status":"publish","type":"page","link":"https:\/\/www.hoferarchitettura.ch\/de\/","title":{"rendered":"Home"},"content":{"rendered":"<p><div class=\"fusion-fullwidth fullwidth-box fusion-builder-row-1 nonhundred-percent-fullwidth non-hundred-percent-height-scrolling\" style=\"--awb-background-position:left top;--awb-border-sizes-top:0px;--awb-border-sizes-bottom:0px;--awb-border-sizes-left:0px;--awb-border-sizes-right:0px;--awb-border-radius-top-left:0px;--awb-border-radius-top-right:0px;--awb-border-radius-bottom-right:0px;--awb-border-radius-bottom-left:0px;--awb-padding-top:20px;--awb-padding-bottom:20px;--awb-flex-wrap:wrap;\" ><div class=\"fusion-builder-row fusion-row\"><div class=\"fusion-layout-column fusion_builder_column fusion-builder-column-0 fusion_builder_column_1_2 1_2 fusion-one-half fusion-column-first\" style=\"--awb-bg-blend:overlay;--awb-bg-size:cover;width:48%; margin-right: 4%;\"><div class=\"fusion-column-wrapper fusion-flex-column-wrapper-legacy\"><div class=\"fusion-text fusion-text-1\"><p>Das Architekturb\u00fcro <strong>rh hofer<\/strong> entstand 2013 aus der langj\u00e4hrigen Erfahrung des 1972 von <strong>Kurt Hofer<\/strong> gegr\u00fcndeten Architektur- und Immobilienb\u00fcros, das seine T\u00e4tigkeit haupts\u00e4chlich in der Gemeinde Brissago und ihrer Umgebung entfaltet hat.<\/p>\n<p>Das Architekturb\u00fcro, das haupts\u00e4chlich im Wohnungsbau t\u00e4tig ist, hat sich zum Ziel gesetzt, jeden Kundenwunsch zu verwirklichen, egal ob es sich um ein neues Projekt oder die Renovierung eines bestehenden Geb\u00e4udes handelt.<\/p>\n<\/div><div class=\"fusion-clearfix\"><\/div><\/div><\/div><div class=\"fusion-layout-column fusion_builder_column fusion-builder-column-1 fusion_builder_column_1_2 1_2 fusion-one-half fusion-column-last\" style=\"--awb-bg-blend:overlay;--awb-bg-size:cover;width:48%;\"><div class=\"fusion-column-wrapper fusion-flex-column-wrapper-legacy\"><div class=\"fusion-text fusion-text-2\"><p>Zu den T\u00e4tigkeiten des B\u00fcros geh\u00f6ren: architektonische Planung, technische Gutachten, Bauleitung, Kontrolle der Baukosten, Sch\u00e4tzungen und Bewertungen von Immobilien, Verkauf von Geb\u00e4uden und Grundst\u00fccken, alles in enger Zusammenarbeit mit dem Kunden.<\/p>\n<p>Besonderes Augenmerk wird auf die Entwurfsphase gelegt, in der es darum geht, eine L\u00f6sung zu finden, die sowohl die W\u00fcnsche des Kunden als auch die Besonderheiten des Territoriums oder des Raums, in dem man arbeiten soll, ber\u00fccksichtigt.<\/p>\n<p>Das Studio besch\u00e4ftigt professionelle Mitarbeiter, die mit dem Eigent\u00fcmer zusammenarbeiten<\/p>\n<p>Rolando Hofer<\/p>\n<\/div><div class=\"fusion-clearfix\"><\/div><\/div><\/div><\/div><\/div><div class=\"fusion-fullwidth fullwidth-box fusion-builder-row-2 nonhundred-percent-fullwidth non-hundred-percent-height-scrolling\" style=\"--awb-background-position:left top;--awb-border-sizes-top:0px;--awb-border-sizes-bottom:0px;--awb-border-sizes-left:0px;--awb-border-sizes-right:0px;--awb-border-radius-top-left:0px;--awb-border-radius-top-right:0px;--awb-border-radius-bottom-right:0px;--awb-border-radius-bottom-left:0px;--awb-padding-top:20px;--awb-padding-bottom:20px;--awb-flex-wrap:wrap;\" ><div class=\"fusion-builder-row fusion-row\"><div class=\"fusion-layout-column fusion_builder_column fusion-builder-column-2 fusion_builder_column_1_1 1_1 fusion-one-full fusion-column-first fusion-column-last fusion-column-no-min-height\" style=\"--awb-bg-blend:overlay;--awb-bg-size:cover;--awb-margin-bottom:0px;\"><div class=\"fusion-column-wrapper fusion-flex-column-wrapper-legacy\"><div class=\"fusion-sep-clear\"><\/div><div class=\"fusion-separator fusion-full-width-sep\" style=\"margin-left: auto;margin-right: auto;margin-bottom:40px;width:100%;\"><div class=\"fusion-separator-border sep-shadow\" style=\"--awb-height:20px;--awb-amount:20px;background:radial-gradient(ellipse at 50% -50% , #e0dede 0px, rgba(255, 255, 255, 0) 80%) repeat scroll 0 0 rgba(0, 0, 0, 0);background:-webkit-radial-gradient(ellipse at 50% -50% , #e0dede 0px, rgba(255, 255, 255, 0) 80%) repeat scroll 0 0 rgba(0, 0, 0, 0);background:-moz-radial-gradient(ellipse at 50% -50% , #e0dede 0px, rgba(255, 255, 255, 0) 80%) repeat scroll 0 0 rgba(0, 0, 0, 0);background:-o-radial-gradient(ellipse at 50% -50% , #e0dede 0px, rgba(255, 255, 255, 0) 80%) repeat scroll 0 0 rgba(0, 0, 0, 0);\"><\/div><\/div><div class=\"fusion-sep-clear\"><\/div><div class=\"fusion-clearfix\"><\/div><\/div><\/div><\/div><\/div><div class=\"fusion-fullwidth fullwidth-box fusion-builder-row-3 nonhundred-percent-fullwidth non-hundred-percent-height-scrolling\" style=\"--awb-background-position:left top;--awb-border-sizes-top:0px;--awb-border-sizes-bottom:0px;--awb-border-sizes-left:0px;--awb-border-sizes-right:0px;--awb-border-radius-top-left:0px;--awb-border-radius-top-right:0px;--awb-border-radius-bottom-right:0px;--awb-border-radius-bottom-left:0px;--awb-padding-top:20px;--awb-padding-bottom:20px;--awb-flex-wrap:wrap;\" ><div class=\"fusion-builder-row fusion-row\"><div class=\"fusion-layout-column fusion_builder_column fusion-builder-column-3 fusion_builder_column_1_3 1_3 fusion-one-third fusion-column-first\" style=\"--awb-bg-blend:overlay;--awb-bg-size:cover;--awb-margin-bottom:40px;width:30.6666%; margin-right: 4%;\"><div class=\"fusion-column-wrapper fusion-flex-column-wrapper-legacy\"><div class=\"fusion-image-carousel fusion-image-carousel-auto fusion-image-carousel-1 lightbox-enabled fusion-carousel-border\"><div class=\"awb-carousel awb-swiper awb-swiper-carousel awb-carousel--carousel awb-swiper-dots-position-bottom\" data-layout=\"carousel\" data-autoplay=\"no\" data-autoplayspeed=\"2500\" data-autoplaypause=\"no\" data-loop=\"yes\" data-columns=\"1\" data-columnsmedium=\"1\" data-columnssmall=\"1\" data-itemmargin=\"13\" data-itemwidth=\"180\" data-touchscroll=\"no\" data-freemode=\"no\" data-imagesize=\"auto\" data-scrollitems=\"0\" data-centeredslides=\"no\" data-rotationangle=\"50\" data-depth=\"100\" data-speed=\"500\" data-shadow=\"no\" data-pagination=\"bullets\" style=\"--awb-columns:1;--awb-border-width:1px;--awb-border-color:#e9eaee;\"><div class=\"swiper-wrapper awb-image-carousel-wrapper fusion-flex-align-items-center\"><div class=\"swiper-slide\"><div class=\"fusion-carousel-item-wrapper\"><div class=\"fusion-image-wrapper hover-type-none\"><a data-rel=\"iLightbox[image_carousel_1]\" data-title=\"1\" aria-label=\"1\" href=\"https:\/\/www.hoferarchitettura.ch\/wp-content\/uploads\/2020\/09\/1-1024x577.jpg\" target=\"_self\"><img decoding=\"async\" width=\"2000\" height=\"1126\" src=\"https:\/\/www.hoferarchitettura.ch\/wp-content\/uploads\/2020\/09\/1.jpg\" class=\"attachment-full size-full\" alt=\"\" srcset=\"https:\/\/www.hoferarchitettura.ch\/wp-content\/uploads\/2020\/09\/1-200x113.jpg 200w, https:\/\/www.hoferarchitettura.ch\/wp-content\/uploads\/2020\/09\/1-300x169.jpg 300w, https:\/\/www.hoferarchitettura.ch\/wp-content\/uploads\/2020\/09\/1-400x225.jpg 400w, https:\/\/www.hoferarchitettura.ch\/wp-content\/uploads\/2020\/09\/1-600x338.jpg 600w, https:\/\/www.hoferarchitettura.ch\/wp-content\/uploads\/2020\/09\/1-768x432.jpg 768w, https:\/\/www.hoferarchitettura.ch\/wp-content\/uploads\/2020\/09\/1-800x450.jpg 800w, https:\/\/www.hoferarchitettura.ch\/wp-content\/uploads\/2020\/09\/1-1024x577.jpg 1024w, https:\/\/www.hoferarchitettura.ch\/wp-content\/uploads\/2020\/09\/1-1200x676.jpg 1200w, https:\/\/www.hoferarchitettura.ch\/wp-content\/uploads\/2020\/09\/1-1536x865.jpg 1536w, https:\/\/www.hoferarchitettura.ch\/wp-content\/uploads\/2020\/09\/1.jpg 2000w\" sizes=\"(max-width: 2000px) 100vw, 2000px\" \/><\/a><\/div><\/div><\/div><div class=\"swiper-slide\"><div class=\"fusion-carousel-item-wrapper\"><div class=\"fusion-image-wrapper hover-type-none\"><a data-rel=\"iLightbox[image_carousel_1]\" data-title=\"2\" aria-label=\"2\" href=\"https:\/\/www.hoferarchitettura.ch\/wp-content\/uploads\/2020\/09\/2-1024x577.jpg\" target=\"_self\"><img decoding=\"async\" width=\"2000\" height=\"1126\" src=\"https:\/\/www.hoferarchitettura.ch\/wp-content\/uploads\/2020\/09\/2.jpg\" class=\"attachment-full size-full\" alt=\"\" srcset=\"https:\/\/www.hoferarchitettura.ch\/wp-content\/uploads\/2020\/09\/2-200x113.jpg 200w, https:\/\/www.hoferarchitettura.ch\/wp-content\/uploads\/2020\/09\/2-300x169.jpg 300w, https:\/\/www.hoferarchitettura.ch\/wp-content\/uploads\/2020\/09\/2-400x225.jpg 400w, https:\/\/www.hoferarchitettura.ch\/wp-content\/uploads\/2020\/09\/2-600x338.jpg 600w, https:\/\/www.hoferarchitettura.ch\/wp-content\/uploads\/2020\/09\/2-768x432.jpg 768w, https:\/\/www.hoferarchitettura.ch\/wp-content\/uploads\/2020\/09\/2-800x450.jpg 800w, https:\/\/www.hoferarchitettura.ch\/wp-content\/uploads\/2020\/09\/2-1024x577.jpg 1024w, https:\/\/www.hoferarchitettura.ch\/wp-content\/uploads\/2020\/09\/2-1200x676.jpg 1200w, https:\/\/www.hoferarchitettura.ch\/wp-content\/uploads\/2020\/09\/2-1536x865.jpg 1536w, https:\/\/www.hoferarchitettura.ch\/wp-content\/uploads\/2020\/09\/2.jpg 2000w\" sizes=\"(max-width: 2000px) 100vw, 2000px\" \/><\/a><\/div><\/div><\/div><div class=\"swiper-slide\"><div class=\"fusion-carousel-item-wrapper\"><div class=\"fusion-image-wrapper hover-type-none\"><a data-rel=\"iLightbox[image_carousel_1]\" data-title=\"IMG_2114\" aria-label=\"IMG_2114\" href=\"https:\/\/www.hoferarchitettura.ch\/wp-content\/uploads\/2020\/09\/IMG_2114-768x1024.jpg\" target=\"_self\"><img decoding=\"async\" width=\"1512\" height=\"2016\" src=\"https:\/\/www.hoferarchitettura.ch\/wp-content\/uploads\/2020\/09\/IMG_2114.jpg\" class=\"attachment-full size-full\" alt=\"\" srcset=\"https:\/\/www.hoferarchitettura.ch\/wp-content\/uploads\/2020\/09\/IMG_2114-200x267.jpg 200w, https:\/\/www.hoferarchitettura.ch\/wp-content\/uploads\/2020\/09\/IMG_2114-225x300.jpg 225w, https:\/\/www.hoferarchitettura.ch\/wp-content\/uploads\/2020\/09\/IMG_2114-400x533.jpg 400w, https:\/\/www.hoferarchitettura.ch\/wp-content\/uploads\/2020\/09\/IMG_2114-600x800.jpg 600w, https:\/\/www.hoferarchitettura.ch\/wp-content\/uploads\/2020\/09\/IMG_2114-768x1024.jpg 768w, https:\/\/www.hoferarchitettura.ch\/wp-content\/uploads\/2020\/09\/IMG_2114-800x1067.jpg 800w, https:\/\/www.hoferarchitettura.ch\/wp-content\/uploads\/2020\/09\/IMG_2114-1152x1536.jpg 1152w, https:\/\/www.hoferarchitettura.ch\/wp-content\/uploads\/2020\/09\/IMG_2114-1200x1600.jpg 1200w, https:\/\/www.hoferarchitettura.ch\/wp-content\/uploads\/2020\/09\/IMG_2114.jpg 1512w\" sizes=\"(max-width: 1512px) 100vw, 1512px\" \/><\/a><\/div><\/div><\/div><div class=\"swiper-slide\"><div class=\"fusion-carousel-item-wrapper\"><div class=\"fusion-image-wrapper hover-type-none\"><a data-rel=\"iLightbox[image_carousel_1]\" data-title=\"IMG_2125\" aria-label=\"IMG_2125\" href=\"https:\/\/www.hoferarchitettura.ch\/wp-content\/uploads\/2020\/09\/IMG_2125-1024x768.jpg\" target=\"_self\"><img decoding=\"async\" width=\"2016\" height=\"1512\" src=\"https:\/\/www.hoferarchitettura.ch\/wp-content\/uploads\/2020\/09\/IMG_2125.jpg\" class=\"attachment-full size-full\" alt=\"\" srcset=\"https:\/\/www.hoferarchitettura.ch\/wp-content\/uploads\/2020\/09\/IMG_2125-200x150.jpg 200w, https:\/\/www.hoferarchitettura.ch\/wp-content\/uploads\/2020\/09\/IMG_2125-300x225.jpg 300w, https:\/\/www.hoferarchitettura.ch\/wp-content\/uploads\/2020\/09\/IMG_2125-400x300.jpg 400w, https:\/\/www.hoferarchitettura.ch\/wp-content\/uploads\/2020\/09\/IMG_2125-600x450.jpg 600w, https:\/\/www.hoferarchitettura.ch\/wp-content\/uploads\/2020\/09\/IMG_2125-768x576.jpg 768w, https:\/\/www.hoferarchitettura.ch\/wp-content\/uploads\/2020\/09\/IMG_2125-800x600.jpg 800w, https:\/\/www.hoferarchitettura.ch\/wp-content\/uploads\/2020\/09\/IMG_2125-1024x768.jpg 1024w, https:\/\/www.hoferarchitettura.ch\/wp-content\/uploads\/2020\/09\/IMG_2125-1200x900.jpg 1200w, https:\/\/www.hoferarchitettura.ch\/wp-content\/uploads\/2020\/09\/IMG_2125-1536x1152.jpg 1536w, https:\/\/www.hoferarchitettura.ch\/wp-content\/uploads\/2020\/09\/IMG_2125.jpg 2016w\" sizes=\"(max-width: 2016px) 100vw, 2016px\" \/><\/a><\/div><\/div><\/div><div class=\"swiper-slide\"><div class=\"fusion-carousel-item-wrapper\"><div class=\"fusion-image-wrapper hover-type-none\"><a data-rel=\"iLightbox[image_carousel_1]\" data-title=\"DSC_0027\" aria-label=\"DSC_0027\" href=\"https:\/\/www.hoferarchitettura.ch\/wp-content\/uploads\/2020\/09\/DSC_0027-1024x683.jpg\" target=\"_self\"><img decoding=\"async\" width=\"2560\" height=\"1707\" src=\"https:\/\/www.hoferarchitettura.ch\/wp-content\/uploads\/2020\/09\/DSC_0027-scaled.jpg\" class=\"attachment-full size-full\" alt=\"\" srcset=\"https:\/\/www.hoferarchitettura.ch\/wp-content\/uploads\/2020\/09\/DSC_0027-200x133.jpg 200w, https:\/\/www.hoferarchitettura.ch\/wp-content\/uploads\/2020\/09\/DSC_0027-300x200.jpg 300w, https:\/\/www.hoferarchitettura.ch\/wp-content\/uploads\/2020\/09\/DSC_0027-400x267.jpg 400w, https:\/\/www.hoferarchitettura.ch\/wp-content\/uploads\/2020\/09\/DSC_0027-600x400.jpg 600w, https:\/\/www.hoferarchitettura.ch\/wp-content\/uploads\/2020\/09\/DSC_0027-768x512.jpg 768w, https:\/\/www.hoferarchitettura.ch\/wp-content\/uploads\/2020\/09\/DSC_0027-800x533.jpg 800w, https:\/\/www.hoferarchitettura.ch\/wp-content\/uploads\/2020\/09\/DSC_0027-1024x683.jpg 1024w, https:\/\/www.hoferarchitettura.ch\/wp-content\/uploads\/2020\/09\/DSC_0027-1200x800.jpg 1200w, https:\/\/www.hoferarchitettura.ch\/wp-content\/uploads\/2020\/09\/DSC_0027-1536x1024.jpg 1536w, https:\/\/www.hoferarchitettura.ch\/wp-content\/uploads\/2020\/09\/DSC_0027-scaled.jpg 2560w\" sizes=\"(max-width: 2560px) 100vw, 2560px\" \/><\/a><\/div><\/div><\/div><div class=\"swiper-slide\"><div class=\"fusion-carousel-item-wrapper\"><div class=\"fusion-image-wrapper hover-type-none\"><a data-rel=\"iLightbox[image_carousel_1]\" data-title=\"DSC_0020\" aria-label=\"DSC_0020\" href=\"https:\/\/www.hoferarchitettura.ch\/wp-content\/uploads\/2020\/09\/DSC_0020-1024x683.jpg\" target=\"_self\"><img decoding=\"async\" width=\"2560\" height=\"1707\" src=\"https:\/\/www.hoferarchitettura.ch\/wp-content\/uploads\/2020\/09\/DSC_0020-scaled.jpg\" class=\"attachment-full size-full\" alt=\"\" srcset=\"https:\/\/www.hoferarchitettura.ch\/wp-content\/uploads\/2020\/09\/DSC_0020-200x133.jpg 200w, https:\/\/www.hoferarchitettura.ch\/wp-content\/uploads\/2020\/09\/DSC_0020-300x200.jpg 300w, https:\/\/www.hoferarchitettura.ch\/wp-content\/uploads\/2020\/09\/DSC_0020-400x267.jpg 400w, https:\/\/www.hoferarchitettura.ch\/wp-content\/uploads\/2020\/09\/DSC_0020-600x400.jpg 600w, https:\/\/www.hoferarchitettura.ch\/wp-content\/uploads\/2020\/09\/DSC_0020-768x512.jpg 768w, https:\/\/www.hoferarchitettura.ch\/wp-content\/uploads\/2020\/09\/DSC_0020-800x533.jpg 800w, https:\/\/www.hoferarchitettura.ch\/wp-content\/uploads\/2020\/09\/DSC_0020-1024x683.jpg 1024w, https:\/\/www.hoferarchitettura.ch\/wp-content\/uploads\/2020\/09\/DSC_0020-1200x800.jpg 1200w, https:\/\/www.hoferarchitettura.ch\/wp-content\/uploads\/2020\/09\/DSC_0020-1536x1024.jpg 1536w, https:\/\/www.hoferarchitettura.ch\/wp-content\/uploads\/2020\/09\/DSC_0020-scaled.jpg 2560w\" sizes=\"(max-width: 2560px) 100vw, 2560px\" \/><\/a><\/div><\/div><\/div><div class=\"swiper-slide\"><div class=\"fusion-carousel-item-wrapper\"><div class=\"fusion-image-wrapper hover-type-none\"><a data-rel=\"iLightbox[image_carousel_1]\" data-title=\"IMG_4488\" aria-label=\"IMG_4488\" href=\"https:\/\/www.hoferarchitettura.ch\/wp-content\/uploads\/2020\/09\/IMG_4488-1024x768.jpeg\" target=\"_self\"><img decoding=\"async\" width=\"2048\" height=\"1536\" src=\"https:\/\/www.hoferarchitettura.ch\/wp-content\/uploads\/2020\/09\/IMG_4488.jpeg\" class=\"attachment-full size-full\" alt=\"\" srcset=\"https:\/\/www.hoferarchitettura.ch\/wp-content\/uploads\/2020\/09\/IMG_4488-200x150.jpeg 200w, https:\/\/www.hoferarchitettura.ch\/wp-content\/uploads\/2020\/09\/IMG_4488-300x225.jpeg 300w, https:\/\/www.hoferarchitettura.ch\/wp-content\/uploads\/2020\/09\/IMG_4488-400x300.jpeg 400w, https:\/\/www.hoferarchitettura.ch\/wp-content\/uploads\/2020\/09\/IMG_4488-600x450.jpeg 600w, https:\/\/www.hoferarchitettura.ch\/wp-content\/uploads\/2020\/09\/IMG_4488-768x576.jpeg 768w, https:\/\/www.hoferarchitettura.ch\/wp-content\/uploads\/2020\/09\/IMG_4488-800x600.jpeg 800w, https:\/\/www.hoferarchitettura.ch\/wp-content\/uploads\/2020\/09\/IMG_4488-1024x768.jpeg 1024w, https:\/\/www.hoferarchitettura.ch\/wp-content\/uploads\/2020\/09\/IMG_4488-1200x900.jpeg 1200w, https:\/\/www.hoferarchitettura.ch\/wp-content\/uploads\/2020\/09\/IMG_4488-1536x1152.jpeg 1536w, https:\/\/www.hoferarchitettura.ch\/wp-content\/uploads\/2020\/09\/IMG_4488.jpeg 2048w\" sizes=\"(max-width: 2048px) 100vw, 2048px\" \/><\/a><\/div><\/div><\/div><div class=\"swiper-slide\"><div class=\"fusion-carousel-item-wrapper\"><div class=\"fusion-image-wrapper hover-type-none\"><a data-rel=\"iLightbox[image_carousel_1]\" data-title=\"DSC_0011\" aria-label=\"DSC_0011\" href=\"https:\/\/www.hoferarchitettura.ch\/wp-content\/uploads\/2020\/09\/DSC_0011-1024x683.jpg\" target=\"_self\"><img decoding=\"async\" width=\"2560\" height=\"1707\" src=\"https:\/\/www.hoferarchitettura.ch\/wp-content\/uploads\/2020\/09\/DSC_0011-scaled.jpg\" class=\"attachment-full size-full\" alt=\"\" srcset=\"https:\/\/www.hoferarchitettura.ch\/wp-content\/uploads\/2020\/09\/DSC_0011-200x133.jpg 200w, https:\/\/www.hoferarchitettura.ch\/wp-content\/uploads\/2020\/09\/DSC_0011-300x200.jpg 300w, https:\/\/www.hoferarchitettura.ch\/wp-content\/uploads\/2020\/09\/DSC_0011-400x267.jpg 400w, https:\/\/www.hoferarchitettura.ch\/wp-content\/uploads\/2020\/09\/DSC_0011-600x400.jpg 600w, https:\/\/www.hoferarchitettura.ch\/wp-content\/uploads\/2020\/09\/DSC_0011-768x512.jpg 768w, https:\/\/www.hoferarchitettura.ch\/wp-content\/uploads\/2020\/09\/DSC_0011-800x533.jpg 800w, https:\/\/www.hoferarchitettura.ch\/wp-content\/uploads\/2020\/09\/DSC_0011-1024x683.jpg 1024w, https:\/\/www.hoferarchitettura.ch\/wp-content\/uploads\/2020\/09\/DSC_0011-1200x800.jpg 1200w, https:\/\/www.hoferarchitettura.ch\/wp-content\/uploads\/2020\/09\/DSC_0011-1536x1024.jpg 1536w, https:\/\/www.hoferarchitettura.ch\/wp-content\/uploads\/2020\/09\/DSC_0011-scaled.jpg 2560w\" sizes=\"(max-width: 2560px) 100vw, 2560px\" \/><\/a><\/div><\/div><\/div><div class=\"swiper-slide\"><div class=\"fusion-carousel-item-wrapper\"><div class=\"fusion-image-wrapper hover-type-none\"><a data-rel=\"iLightbox[image_carousel_1]\" data-title=\"DSC_0019\" aria-label=\"DSC_0019\" href=\"https:\/\/www.hoferarchitettura.ch\/wp-content\/uploads\/2020\/09\/DSC_0019-1024x683.jpg\" target=\"_self\"><img decoding=\"async\" width=\"2560\" height=\"1707\" src=\"https:\/\/www.hoferarchitettura.ch\/wp-content\/uploads\/2020\/09\/DSC_0019-scaled.jpg\" class=\"attachment-full size-full\" alt=\"\" srcset=\"https:\/\/www.hoferarchitettura.ch\/wp-content\/uploads\/2020\/09\/DSC_0019-200x133.jpg 200w, https:\/\/www.hoferarchitettura.ch\/wp-content\/uploads\/2020\/09\/DSC_0019-300x200.jpg 300w, https:\/\/www.hoferarchitettura.ch\/wp-content\/uploads\/2020\/09\/DSC_0019-400x267.jpg 400w, https:\/\/www.hoferarchitettura.ch\/wp-content\/uploads\/2020\/09\/DSC_0019-600x400.jpg 600w, https:\/\/www.hoferarchitettura.ch\/wp-content\/uploads\/2020\/09\/DSC_0019-768x512.jpg 768w, https:\/\/www.hoferarchitettura.ch\/wp-content\/uploads\/2020\/09\/DSC_0019-800x533.jpg 800w, https:\/\/www.hoferarchitettura.ch\/wp-content\/uploads\/2020\/09\/DSC_0019-1024x683.jpg 1024w, https:\/\/www.hoferarchitettura.ch\/wp-content\/uploads\/2020\/09\/DSC_0019-1200x800.jpg 1200w, https:\/\/www.hoferarchitettura.ch\/wp-content\/uploads\/2020\/09\/DSC_0019-1536x1024.jpg 1536w, https:\/\/www.hoferarchitettura.ch\/wp-content\/uploads\/2020\/09\/DSC_0019-scaled.jpg 2560w\" sizes=\"(max-width: 2560px) 100vw, 2560px\" \/><\/a><\/div><\/div><\/div><div class=\"swiper-slide\"><div class=\"fusion-carousel-item-wrapper\"><div class=\"fusion-image-wrapper hover-type-none\"><a data-rel=\"iLightbox[image_carousel_1]\" data-title=\"IMG_5793\" aria-label=\"IMG_5793\" href=\"https:\/\/www.hoferarchitettura.ch\/wp-content\/uploads\/2020\/09\/IMG_5793-1024x768.jpeg\" target=\"_self\"><img decoding=\"async\" width=\"2048\" height=\"1536\" src=\"https:\/\/www.hoferarchitettura.ch\/wp-content\/uploads\/2020\/09\/IMG_5793.jpeg\" class=\"attachment-full size-full\" alt=\"\" srcset=\"https:\/\/www.hoferarchitettura.ch\/wp-content\/uploads\/2020\/09\/IMG_5793-200x150.jpeg 200w, https:\/\/www.hoferarchitettura.ch\/wp-content\/uploads\/2020\/09\/IMG_5793-300x225.jpeg 300w, https:\/\/www.hoferarchitettura.ch\/wp-content\/uploads\/2020\/09\/IMG_5793-400x300.jpeg 400w, https:\/\/www.hoferarchitettura.ch\/wp-content\/uploads\/2020\/09\/IMG_5793-600x450.jpeg 600w, https:\/\/www.hoferarchitettura.ch\/wp-content\/uploads\/2020\/09\/IMG_5793-768x576.jpeg 768w, https:\/\/www.hoferarchitettura.ch\/wp-content\/uploads\/2020\/09\/IMG_5793-800x600.jpeg 800w, https:\/\/www.hoferarchitettura.ch\/wp-content\/uploads\/2020\/09\/IMG_5793-1024x768.jpeg 1024w, https:\/\/www.hoferarchitettura.ch\/wp-content\/uploads\/2020\/09\/IMG_5793-1200x900.jpeg 1200w, https:\/\/www.hoferarchitettura.ch\/wp-content\/uploads\/2020\/09\/IMG_5793-1536x1152.jpeg 1536w, https:\/\/www.hoferarchitettura.ch\/wp-content\/uploads\/2020\/09\/IMG_5793.jpeg 2048w\" sizes=\"(max-width: 2048px) 100vw, 2048px\" \/><\/a><\/div><\/div><\/div><div class=\"swiper-slide\"><div class=\"fusion-carousel-item-wrapper\"><div class=\"fusion-image-wrapper hover-type-none\"><a data-rel=\"iLightbox[image_carousel_1]\" data-title=\"IMG_5798\" aria-label=\"IMG_5798\" href=\"https:\/\/www.hoferarchitettura.ch\/wp-content\/uploads\/2020\/09\/IMG_5798-1024x768.jpeg\" target=\"_self\"><img decoding=\"async\" width=\"2048\" height=\"1536\" src=\"https:\/\/www.hoferarchitettura.ch\/wp-content\/uploads\/2020\/09\/IMG_5798.jpeg\" class=\"attachment-full size-full\" alt=\"\" srcset=\"https:\/\/www.hoferarchitettura.ch\/wp-content\/uploads\/2020\/09\/IMG_5798-200x150.jpeg 200w, https:\/\/www.hoferarchitettura.ch\/wp-content\/uploads\/2020\/09\/IMG_5798-300x225.jpeg 300w, https:\/\/www.hoferarchitettura.ch\/wp-content\/uploads\/2020\/09\/IMG_5798-400x300.jpeg 400w, https:\/\/www.hoferarchitettura.ch\/wp-content\/uploads\/2020\/09\/IMG_5798-600x450.jpeg 600w, https:\/\/www.hoferarchitettura.ch\/wp-content\/uploads\/2020\/09\/IMG_5798-768x576.jpeg 768w, https:\/\/www.hoferarchitettura.ch\/wp-content\/uploads\/2020\/09\/IMG_5798-800x600.jpeg 800w, https:\/\/www.hoferarchitettura.ch\/wp-content\/uploads\/2020\/09\/IMG_5798-1024x768.jpeg 1024w, https:\/\/www.hoferarchitettura.ch\/wp-content\/uploads\/2020\/09\/IMG_5798-1200x900.jpeg 1200w, https:\/\/www.hoferarchitettura.ch\/wp-content\/uploads\/2020\/09\/IMG_5798-1536x1152.jpeg 1536w, https:\/\/www.hoferarchitettura.ch\/wp-content\/uploads\/2020\/09\/IMG_5798.jpeg 2048w\" sizes=\"(max-width: 2048px) 100vw, 2048px\" \/><\/a><\/div><\/div><\/div><div class=\"swiper-slide\"><div class=\"fusion-carousel-item-wrapper\"><div class=\"fusion-image-wrapper hover-type-none\"><a data-rel=\"iLightbox[image_carousel_1]\" data-title=\"Prima dei lavori\" aria-label=\"Prima dei lavori\" href=\"https:\/\/www.hoferarchitettura.ch\/wp-content\/uploads\/2020\/09\/Esterno-1-1024x768.jpg\" target=\"_self\"><img decoding=\"async\" width=\"2560\" height=\"1920\" src=\"https:\/\/www.hoferarchitettura.ch\/wp-content\/uploads\/2020\/09\/Esterno-1-scaled.jpg\" class=\"attachment-full size-full\" alt=\"Prima dei lavori\" srcset=\"https:\/\/www.hoferarchitettura.ch\/wp-content\/uploads\/2020\/09\/Esterno-1-200x150.jpg 200w, https:\/\/www.hoferarchitettura.ch\/wp-content\/uploads\/2020\/09\/Esterno-1-300x225.jpg 300w, https:\/\/www.hoferarchitettura.ch\/wp-content\/uploads\/2020\/09\/Esterno-1-400x300.jpg 400w, https:\/\/www.hoferarchitettura.ch\/wp-content\/uploads\/2020\/09\/Esterno-1-600x450.jpg 600w, https:\/\/www.hoferarchitettura.ch\/wp-content\/uploads\/2020\/09\/Esterno-1-768x576.jpg 768w, https:\/\/www.hoferarchitettura.ch\/wp-content\/uploads\/2020\/09\/Esterno-1-800x600.jpg 800w, https:\/\/www.hoferarchitettura.ch\/wp-content\/uploads\/2020\/09\/Esterno-1-1024x768.jpg 1024w, https:\/\/www.hoferarchitettura.ch\/wp-content\/uploads\/2020\/09\/Esterno-1-1200x900.jpg 1200w, https:\/\/www.hoferarchitettura.ch\/wp-content\/uploads\/2020\/09\/Esterno-1-1536x1152.jpg 1536w, https:\/\/www.hoferarchitettura.ch\/wp-content\/uploads\/2020\/09\/Esterno-1-scaled.jpg 2560w\" sizes=\"(max-width: 2560px) 100vw, 2560px\" \/><\/a><\/div><\/div><\/div><\/div><div class=\"awb-swiper-button awb-swiper-button-prev\"><i class=\"awb-icon-angle-left\" aria-hidden=\"true\"><\/i><\/div><div class=\"awb-swiper-button awb-swiper-button-next\"><i class=\"awb-icon-angle-right\" aria-hidden=\"true\"><\/i><\/div><\/div><\/div><div class=\"fusion-text fusion-text-3\"><h2 class=\"fusion-responsive-typography-calculated\" style=\"--fontsize: 24; line-height: 1.5; --minfontsize: 24;\" data-fontsize=\"24\" data-lineheight=\"36px\">Einfamilienhaus &#8211; Brissago<\/h2>\n<p>Die Renovierung und Erweiterung dieses Einfamilienhauses f\u00fchrte zu einem sehr individuellen und besonderen Ergebnis. Das Geb\u00e4ude ist auf drei Ebenen aufgebaut und bietet besonders viel Platz f\u00fcr zwei Personen. Das Schwimmbad auf dem Balkon ist direkt vom Schlafzimmer aus zug\u00e4nglich.<\/p>\n<p>Von den verschiedenen Terrassen und Balkonen hat man einen herrlichen Blick auf den Lago Maggiore und seine Berge.<\/p>\n<p><strong>Immobilientyp<\/strong> Mehrfamilienhaus<\/p>\n<p><strong>Grundfl\u00e4che<\/strong> 283 m\u00b2<\/p>\n<p><strong>Wohnfl\u00e4che<\/strong> 150 m\u00b2<\/p>\n<p><strong>Baujahr<\/strong> 2019<\/p>\n<\/div><div class=\"fusion-clearfix\"><\/div><\/div><\/div><div class=\"fusion-layout-column fusion_builder_column fusion-builder-column-4 fusion_builder_column_1_3 1_3 fusion-one-third\" style=\"--awb-bg-blend:overlay;--awb-bg-size:cover;--awb-margin-bottom:40px;width:30.6666%; margin-right: 4%;\"><div class=\"fusion-column-wrapper fusion-flex-column-wrapper-legacy\"><div class=\"fusion-image-carousel fusion-image-carousel-auto fusion-image-carousel-2 lightbox-enabled fusion-carousel-border\"><div class=\"awb-carousel awb-swiper awb-swiper-carousel awb-carousel--carousel awb-swiper-dots-position-bottom\" data-layout=\"carousel\" data-autoplay=\"no\" data-autoplayspeed=\"2500\" data-autoplaypause=\"no\" data-loop=\"yes\" data-columns=\"1\" data-columnsmedium=\"1\" data-columnssmall=\"1\" data-itemmargin=\"13\" data-itemwidth=\"180\" data-touchscroll=\"no\" data-freemode=\"no\" data-imagesize=\"auto\" data-scrollitems=\"0\" data-centeredslides=\"no\" data-rotationangle=\"50\" data-depth=\"100\" data-speed=\"500\" data-shadow=\"no\" data-pagination=\"bullets\" style=\"--awb-columns:1;--awb-border-width:1px;--awb-border-color:#e9eaee;\"><div class=\"swiper-wrapper awb-image-carousel-wrapper fusion-flex-align-items-center\"><div class=\"swiper-slide\"><div class=\"fusion-carousel-item-wrapper\"><div class=\"fusion-image-wrapper hover-type-none\"><a data-rel=\"iLightbox[image_carousel_2]\" data-caption=\"DCIM100MEDIADJI_0195.JPG\" data-title=\"DCIM100MEDIADJI_0195.JPG\" aria-label=\"DCIM100MEDIADJI_0195.JPG\" href=\"https:\/\/www.hoferarchitettura.ch\/wp-content\/uploads\/2020\/09\/DJI_0195-1024x576.jpg\" target=\"_self\"><img decoding=\"async\" width=\"2560\" height=\"1440\" src=\"https:\/\/www.hoferarchitettura.ch\/wp-content\/uploads\/2020\/09\/DJI_0195-scaled.jpg\" class=\"attachment-full size-full\" alt=\"\" srcset=\"https:\/\/www.hoferarchitettura.ch\/wp-content\/uploads\/2020\/09\/DJI_0195-200x113.jpg 200w, https:\/\/www.hoferarchitettura.ch\/wp-content\/uploads\/2020\/09\/DJI_0195-300x169.jpg 300w, https:\/\/www.hoferarchitettura.ch\/wp-content\/uploads\/2020\/09\/DJI_0195-400x225.jpg 400w, https:\/\/www.hoferarchitettura.ch\/wp-content\/uploads\/2020\/09\/DJI_0195-600x338.jpg 600w, https:\/\/www.hoferarchitettura.ch\/wp-content\/uploads\/2020\/09\/DJI_0195-768x432.jpg 768w, https:\/\/www.hoferarchitettura.ch\/wp-content\/uploads\/2020\/09\/DJI_0195-800x450.jpg 800w, https:\/\/www.hoferarchitettura.ch\/wp-content\/uploads\/2020\/09\/DJI_0195-1024x576.jpg 1024w, https:\/\/www.hoferarchitettura.ch\/wp-content\/uploads\/2020\/09\/DJI_0195-1200x675.jpg 1200w, https:\/\/www.hoferarchitettura.ch\/wp-content\/uploads\/2020\/09\/DJI_0195-1536x864.jpg 1536w, https:\/\/www.hoferarchitettura.ch\/wp-content\/uploads\/2020\/09\/DJI_0195-scaled.jpg 2560w\" sizes=\"(max-width: 2560px) 100vw, 2560px\" \/><\/a><\/div><\/div><\/div><div class=\"swiper-slide\"><div class=\"fusion-carousel-item-wrapper\"><div class=\"fusion-image-wrapper hover-type-none\"><a data-rel=\"iLightbox[image_carousel_2]\" data-caption=\"DCIM100MEDIADJI_0202.JPG\" data-title=\"DCIM100MEDIADJI_0202.JPG\" aria-label=\"DCIM100MEDIADJI_0202.JPG\" href=\"https:\/\/www.hoferarchitettura.ch\/wp-content\/uploads\/2020\/09\/DJI_0202-1024x576.jpg\" target=\"_self\"><img decoding=\"async\" width=\"2560\" height=\"1440\" src=\"https:\/\/www.hoferarchitettura.ch\/wp-content\/uploads\/2020\/09\/DJI_0202-scaled.jpg\" class=\"attachment-full size-full\" alt=\"\" srcset=\"https:\/\/www.hoferarchitettura.ch\/wp-content\/uploads\/2020\/09\/DJI_0202-200x113.jpg 200w, https:\/\/www.hoferarchitettura.ch\/wp-content\/uploads\/2020\/09\/DJI_0202-300x169.jpg 300w, https:\/\/www.hoferarchitettura.ch\/wp-content\/uploads\/2020\/09\/DJI_0202-400x225.jpg 400w, https:\/\/www.hoferarchitettura.ch\/wp-content\/uploads\/2020\/09\/DJI_0202-600x338.jpg 600w, https:\/\/www.hoferarchitettura.ch\/wp-content\/uploads\/2020\/09\/DJI_0202-768x432.jpg 768w, https:\/\/www.hoferarchitettura.ch\/wp-content\/uploads\/2020\/09\/DJI_0202-800x450.jpg 800w, https:\/\/www.hoferarchitettura.ch\/wp-content\/uploads\/2020\/09\/DJI_0202-1024x576.jpg 1024w, https:\/\/www.hoferarchitettura.ch\/wp-content\/uploads\/2020\/09\/DJI_0202-1200x675.jpg 1200w, https:\/\/www.hoferarchitettura.ch\/wp-content\/uploads\/2020\/09\/DJI_0202-1536x864.jpg 1536w, https:\/\/www.hoferarchitettura.ch\/wp-content\/uploads\/2020\/09\/DJI_0202-scaled.jpg 2560w\" sizes=\"(max-width: 2560px) 100vw, 2560px\" \/><\/a><\/div><\/div><\/div><div class=\"swiper-slide\"><div class=\"fusion-carousel-item-wrapper\"><div class=\"fusion-image-wrapper hover-type-none\"><a data-rel=\"iLightbox[image_carousel_2]\" data-caption=\"DCIM100MEDIADJI_0205.JPG\" data-title=\"DCIM100MEDIADJI_0205.JPG\" aria-label=\"DCIM100MEDIADJI_0205.JPG\" href=\"https:\/\/www.hoferarchitettura.ch\/wp-content\/uploads\/2020\/09\/DJI_0205-1024x576.jpg\" target=\"_self\"><img decoding=\"async\" width=\"2560\" height=\"1440\" src=\"https:\/\/www.hoferarchitettura.ch\/wp-content\/uploads\/2020\/09\/DJI_0205-scaled.jpg\" class=\"attachment-full size-full\" alt=\"\" srcset=\"https:\/\/www.hoferarchitettura.ch\/wp-content\/uploads\/2020\/09\/DJI_0205-200x113.jpg 200w, https:\/\/www.hoferarchitettura.ch\/wp-content\/uploads\/2020\/09\/DJI_0205-300x169.jpg 300w, https:\/\/www.hoferarchitettura.ch\/wp-content\/uploads\/2020\/09\/DJI_0205-400x225.jpg 400w, https:\/\/www.hoferarchitettura.ch\/wp-content\/uploads\/2020\/09\/DJI_0205-600x338.jpg 600w, https:\/\/www.hoferarchitettura.ch\/wp-content\/uploads\/2020\/09\/DJI_0205-768x432.jpg 768w, https:\/\/www.hoferarchitettura.ch\/wp-content\/uploads\/2020\/09\/DJI_0205-800x450.jpg 800w, https:\/\/www.hoferarchitettura.ch\/wp-content\/uploads\/2020\/09\/DJI_0205-1024x576.jpg 1024w, https:\/\/www.hoferarchitettura.ch\/wp-content\/uploads\/2020\/09\/DJI_0205-1200x675.jpg 1200w, https:\/\/www.hoferarchitettura.ch\/wp-content\/uploads\/2020\/09\/DJI_0205-1536x864.jpg 1536w, https:\/\/www.hoferarchitettura.ch\/wp-content\/uploads\/2020\/09\/DJI_0205-scaled.jpg 2560w\" sizes=\"(max-width: 2560px) 100vw, 2560px\" \/><\/a><\/div><\/div><\/div><div class=\"swiper-slide\"><div class=\"fusion-carousel-item-wrapper\"><div class=\"fusion-image-wrapper hover-type-none\"><a data-rel=\"iLightbox[image_carousel_2]\" data-caption=\"DCIM100MEDIADJI_0207.JPG\" data-title=\"DCIM100MEDIADJI_0207.JPG\" aria-label=\"DCIM100MEDIADJI_0207.JPG\" href=\"https:\/\/www.hoferarchitettura.ch\/wp-content\/uploads\/2020\/09\/DJI_0207-1024x576.jpg\" target=\"_self\"><img decoding=\"async\" width=\"2560\" height=\"1440\" src=\"https:\/\/www.hoferarchitettura.ch\/wp-content\/uploads\/2020\/09\/DJI_0207-scaled.jpg\" class=\"attachment-full size-full\" alt=\"\" srcset=\"https:\/\/www.hoferarchitettura.ch\/wp-content\/uploads\/2020\/09\/DJI_0207-200x113.jpg 200w, https:\/\/www.hoferarchitettura.ch\/wp-content\/uploads\/2020\/09\/DJI_0207-300x169.jpg 300w, https:\/\/www.hoferarchitettura.ch\/wp-content\/uploads\/2020\/09\/DJI_0207-400x225.jpg 400w, https:\/\/www.hoferarchitettura.ch\/wp-content\/uploads\/2020\/09\/DJI_0207-600x338.jpg 600w, https:\/\/www.hoferarchitettura.ch\/wp-content\/uploads\/2020\/09\/DJI_0207-768x432.jpg 768w, https:\/\/www.hoferarchitettura.ch\/wp-content\/uploads\/2020\/09\/DJI_0207-800x450.jpg 800w, https:\/\/www.hoferarchitettura.ch\/wp-content\/uploads\/2020\/09\/DJI_0207-1024x576.jpg 1024w, https:\/\/www.hoferarchitettura.ch\/wp-content\/uploads\/2020\/09\/DJI_0207-1200x675.jpg 1200w, https:\/\/www.hoferarchitettura.ch\/wp-content\/uploads\/2020\/09\/DJI_0207-1536x864.jpg 1536w, https:\/\/www.hoferarchitettura.ch\/wp-content\/uploads\/2020\/09\/DJI_0207-scaled.jpg 2560w\" sizes=\"(max-width: 2560px) 100vw, 2560px\" \/><\/a><\/div><\/div><\/div><div class=\"swiper-slide\"><div class=\"fusion-carousel-item-wrapper\"><div class=\"fusion-image-wrapper hover-type-none\"><a data-rel=\"iLightbox[image_carousel_2]\" data-caption=\"DCIM100MEDIADJI_0146.JPG\" data-title=\"DCIM100MEDIADJI_0146.JPG\" aria-label=\"DCIM100MEDIADJI_0146.JPG\" href=\"https:\/\/www.hoferarchitettura.ch\/wp-content\/uploads\/2020\/09\/DJI_0146-1024x576.jpg\" target=\"_self\"><img decoding=\"async\" width=\"2560\" height=\"1440\" src=\"https:\/\/www.hoferarchitettura.ch\/wp-content\/uploads\/2020\/09\/DJI_0146-scaled.jpg\" class=\"attachment-full size-full\" alt=\"\" srcset=\"https:\/\/www.hoferarchitettura.ch\/wp-content\/uploads\/2020\/09\/DJI_0146-200x113.jpg 200w, https:\/\/www.hoferarchitettura.ch\/wp-content\/uploads\/2020\/09\/DJI_0146-300x169.jpg 300w, https:\/\/www.hoferarchitettura.ch\/wp-content\/uploads\/2020\/09\/DJI_0146-400x225.jpg 400w, https:\/\/www.hoferarchitettura.ch\/wp-content\/uploads\/2020\/09\/DJI_0146-600x338.jpg 600w, https:\/\/www.hoferarchitettura.ch\/wp-content\/uploads\/2020\/09\/DJI_0146-768x432.jpg 768w, https:\/\/www.hoferarchitettura.ch\/wp-content\/uploads\/2020\/09\/DJI_0146-800x450.jpg 800w, https:\/\/www.hoferarchitettura.ch\/wp-content\/uploads\/2020\/09\/DJI_0146-1024x576.jpg 1024w, https:\/\/www.hoferarchitettura.ch\/wp-content\/uploads\/2020\/09\/DJI_0146-1200x675.jpg 1200w, https:\/\/www.hoferarchitettura.ch\/wp-content\/uploads\/2020\/09\/DJI_0146-1536x864.jpg 1536w, https:\/\/www.hoferarchitettura.ch\/wp-content\/uploads\/2020\/09\/DJI_0146-scaled.jpg 2560w\" sizes=\"(max-width: 2560px) 100vw, 2560px\" \/><\/a><\/div><\/div><\/div><div class=\"swiper-slide\"><div class=\"fusion-carousel-item-wrapper\"><div class=\"fusion-image-wrapper hover-type-none\"><a data-rel=\"iLightbox[image_carousel_2]\" data-title=\"DSC_0021\" aria-label=\"DSC_0021\" href=\"https:\/\/www.hoferarchitettura.ch\/wp-content\/uploads\/2020\/09\/DSC_0021-1024x683.jpg\" target=\"_self\"><img decoding=\"async\" width=\"2560\" height=\"1707\" src=\"https:\/\/www.hoferarchitettura.ch\/wp-content\/uploads\/2020\/09\/DSC_0021-scaled.jpg\" class=\"attachment-full size-full\" alt=\"\" srcset=\"https:\/\/www.hoferarchitettura.ch\/wp-content\/uploads\/2020\/09\/DSC_0021-200x133.jpg 200w, https:\/\/www.hoferarchitettura.ch\/wp-content\/uploads\/2020\/09\/DSC_0021-300x200.jpg 300w, https:\/\/www.hoferarchitettura.ch\/wp-content\/uploads\/2020\/09\/DSC_0021-400x267.jpg 400w, https:\/\/www.hoferarchitettura.ch\/wp-content\/uploads\/2020\/09\/DSC_0021-600x400.jpg 600w, https:\/\/www.hoferarchitettura.ch\/wp-content\/uploads\/2020\/09\/DSC_0021-768x512.jpg 768w, https:\/\/www.hoferarchitettura.ch\/wp-content\/uploads\/2020\/09\/DSC_0021-800x533.jpg 800w, https:\/\/www.hoferarchitettura.ch\/wp-content\/uploads\/2020\/09\/DSC_0021-1024x683.jpg 1024w, https:\/\/www.hoferarchitettura.ch\/wp-content\/uploads\/2020\/09\/DSC_0021-1200x800.jpg 1200w, https:\/\/www.hoferarchitettura.ch\/wp-content\/uploads\/2020\/09\/DSC_0021-1536x1024.jpg 1536w, https:\/\/www.hoferarchitettura.ch\/wp-content\/uploads\/2020\/09\/DSC_0021-scaled.jpg 2560w\" sizes=\"(max-width: 2560px) 100vw, 2560px\" \/><\/a><\/div><\/div><\/div><\/div><div class=\"awb-swiper-button awb-swiper-button-prev\"><i class=\"awb-icon-angle-left\" aria-hidden=\"true\"><\/i><\/div><div class=\"awb-swiper-button awb-swiper-button-next\"><i class=\"awb-icon-angle-right\" aria-hidden=\"true\"><\/i><\/div><\/div><\/div><div class=\"fusion-text fusion-text-4\"><h2 class=\"fusion-responsive-typography-calculated\" style=\"--fontsize: 24; line-height: 1.5; --minfontsize: 24;\" data-fontsize=\"24\" data-lineheight=\"36px\">Mehrfamilienhaus &#8211; Alabardia \/ Gambarogno<\/h2>\n<p>Bau eines Mehrfamilienhauses mit 4 Wohnungen und einem Penthouse in den oberen Stockwerken mit angeschlossenem Schwimmbad und G\u00e4stehaus.<\/p>\n<p>Die grossen Terrassen bieten viel Sonne und eine sch\u00f6ne Aussicht auf die Region Locarno. Der See ist in wenigen Gehminuten erreichbar.<\/p>\n<p><strong>Immobilientyp<\/strong> Mehrfamilienhaus<\/p>\n<p><strong>Grundst\u00fccksgr\u00f6\u00dfe<\/strong> 2341 m\u00b2<\/p>\n<p><strong>Wohnfl\u00e4che<\/strong> 960 m\u00b2<\/p>\n<p><strong>Baujahr<\/strong> 2018<\/p>\n<\/div><div class=\"fusion-clearfix\"><\/div><\/div><\/div><div class=\"fusion-layout-column fusion_builder_column fusion-builder-column-5 fusion_builder_column_1_3 1_3 fusion-one-third fusion-column-last\" style=\"--awb-bg-blend:overlay;--awb-bg-size:cover;--awb-margin-bottom:40px;width:30.6666%;\"><div class=\"fusion-column-wrapper fusion-flex-column-wrapper-legacy\"><div class=\"fusion-image-carousel fusion-image-carousel-auto fusion-image-carousel-3 lightbox-enabled fusion-carousel-border\"><div class=\"awb-carousel awb-swiper awb-swiper-carousel awb-carousel--carousel awb-swiper-dots-position-bottom\" data-layout=\"carousel\" data-autoplay=\"no\" data-autoplayspeed=\"2500\" data-autoplaypause=\"no\" data-loop=\"yes\" data-columns=\"1\" data-columnsmedium=\"1\" data-columnssmall=\"1\" data-itemmargin=\"13\" data-itemwidth=\"180\" data-touchscroll=\"no\" data-freemode=\"no\" data-imagesize=\"auto\" data-scrollitems=\"0\" data-centeredslides=\"no\" data-rotationangle=\"50\" data-depth=\"100\" data-speed=\"500\" data-shadow=\"no\" data-pagination=\"bullets\" style=\"--awb-columns:1;--awb-border-width:1px;--awb-border-color:#e9eaee;\"><div class=\"swiper-wrapper awb-image-carousel-wrapper fusion-flex-align-items-center\"><div class=\"swiper-slide\"><div class=\"fusion-carousel-item-wrapper\"><div class=\"fusion-image-wrapper hover-type-none\"><a data-rel=\"iLightbox[image_carousel_3]\" data-title=\"Foto-0045\" aria-label=\"Foto-0045\" href=\"https:\/\/www.hoferarchitettura.ch\/wp-content\/uploads\/2016\/07\/Foto-0045.jpg\" target=\"_self\"><img decoding=\"async\" width=\"1200\" height=\"900\" src=\"https:\/\/www.hoferarchitettura.ch\/wp-content\/uploads\/2016\/07\/Foto-0045.jpg\" class=\"attachment-full size-full\" alt=\"\" srcset=\"https:\/\/www.hoferarchitettura.ch\/wp-content\/uploads\/2016\/07\/Foto-0045-200x150.jpg 200w, https:\/\/www.hoferarchitettura.ch\/wp-content\/uploads\/2016\/07\/Foto-0045-300x225.jpg 300w, https:\/\/www.hoferarchitettura.ch\/wp-content\/uploads\/2016\/07\/Foto-0045-400x300.jpg 400w, https:\/\/www.hoferarchitettura.ch\/wp-content\/uploads\/2016\/07\/Foto-0045-600x450.jpg 600w, https:\/\/www.hoferarchitettura.ch\/wp-content\/uploads\/2016\/07\/Foto-0045-768x576.jpg 768w, https:\/\/www.hoferarchitettura.ch\/wp-content\/uploads\/2016\/07\/Foto-0045-800x600.jpg 800w, https:\/\/www.hoferarchitettura.ch\/wp-content\/uploads\/2016\/07\/Foto-0045-1024x768.jpg 1024w, https:\/\/www.hoferarchitettura.ch\/wp-content\/uploads\/2016\/07\/Foto-0045.jpg 1200w\" sizes=\"(max-width: 1200px) 100vw, 1200px\" \/><\/a><\/div><\/div><\/div><div class=\"swiper-slide\"><div class=\"fusion-carousel-item-wrapper\"><div class=\"fusion-image-wrapper hover-type-none\"><a data-rel=\"iLightbox[image_carousel_3]\" data-title=\"Foto-0043\" aria-label=\"Foto-0043\" href=\"https:\/\/www.hoferarchitettura.ch\/wp-content\/uploads\/2016\/07\/Foto-0043.jpg\" target=\"_self\"><img decoding=\"async\" width=\"900\" height=\"1200\" src=\"https:\/\/www.hoferarchitettura.ch\/wp-content\/uploads\/2016\/07\/Foto-0043.jpg\" class=\"attachment-full size-full\" alt=\"\" srcset=\"https:\/\/www.hoferarchitettura.ch\/wp-content\/uploads\/2016\/07\/Foto-0043-200x267.jpg 200w, https:\/\/www.hoferarchitettura.ch\/wp-content\/uploads\/2016\/07\/Foto-0043-225x300.jpg 225w, https:\/\/www.hoferarchitettura.ch\/wp-content\/uploads\/2016\/07\/Foto-0043-400x533.jpg 400w, https:\/\/www.hoferarchitettura.ch\/wp-content\/uploads\/2016\/07\/Foto-0043-600x800.jpg 600w, https:\/\/www.hoferarchitettura.ch\/wp-content\/uploads\/2016\/07\/Foto-0043-768x1024.jpg 768w, https:\/\/www.hoferarchitettura.ch\/wp-content\/uploads\/2016\/07\/Foto-0043-800x1067.jpg 800w, https:\/\/www.hoferarchitettura.ch\/wp-content\/uploads\/2016\/07\/Foto-0043.jpg 900w\" sizes=\"(max-width: 900px) 100vw, 900px\" \/><\/a><\/div><\/div><\/div><div class=\"swiper-slide\"><div class=\"fusion-carousel-item-wrapper\"><div class=\"fusion-image-wrapper hover-type-none\"><a data-rel=\"iLightbox[image_carousel_3]\" data-title=\"Foto-0049\" aria-label=\"Foto-0049\" href=\"https:\/\/www.hoferarchitettura.ch\/wp-content\/uploads\/2016\/07\/Foto-0049.jpg\" target=\"_self\"><img decoding=\"async\" width=\"1200\" height=\"900\" src=\"https:\/\/www.hoferarchitettura.ch\/wp-content\/uploads\/2016\/07\/Foto-0049.jpg\" class=\"attachment-full size-full\" alt=\"\" srcset=\"https:\/\/www.hoferarchitettura.ch\/wp-content\/uploads\/2016\/07\/Foto-0049-200x150.jpg 200w, https:\/\/www.hoferarchitettura.ch\/wp-content\/uploads\/2016\/07\/Foto-0049-300x225.jpg 300w, https:\/\/www.hoferarchitettura.ch\/wp-content\/uploads\/2016\/07\/Foto-0049-400x300.jpg 400w, https:\/\/www.hoferarchitettura.ch\/wp-content\/uploads\/2016\/07\/Foto-0049-600x450.jpg 600w, https:\/\/www.hoferarchitettura.ch\/wp-content\/uploads\/2016\/07\/Foto-0049-768x576.jpg 768w, https:\/\/www.hoferarchitettura.ch\/wp-content\/uploads\/2016\/07\/Foto-0049-800x600.jpg 800w, https:\/\/www.hoferarchitettura.ch\/wp-content\/uploads\/2016\/07\/Foto-0049-1024x768.jpg 1024w, https:\/\/www.hoferarchitettura.ch\/wp-content\/uploads\/2016\/07\/Foto-0049.jpg 1200w\" sizes=\"(max-width: 1200px) 100vw, 1200px\" \/><\/a><\/div><\/div><\/div><\/div><div class=\"awb-swiper-button awb-swiper-button-prev\"><i class=\"awb-icon-angle-left\" aria-hidden=\"true\"><\/i><\/div><div class=\"awb-swiper-button awb-swiper-button-next\"><i class=\"awb-icon-angle-right\" aria-hidden=\"true\"><\/i><\/div><\/div><\/div><div class=\"fusion-text fusion-text-5\"><h2 class=\"fusion-responsive-typography-calculated\" style=\"--fontsize: 24; line-height: 1.5; --minfontsize: 24;\" data-fontsize=\"24\" data-lineheight=\"36px\">Mehrfamilienhaus &#8211; Arcegno<\/h2>\n<p>Das Geb\u00e4ude befindet sich am Rande des Zentrums von Arcegno in einer sehr ruhigen Gegend. Das Geb\u00e4ude hat 4 Stockwerke und besteht aus 8 Wohnungen. Die Eigentumswohnung befindet sich auf einem abfallenden Grundst\u00fcck und ist durch 2 Hauptvolumen gekennzeichnet.<\/p>\n<p>Um die umliegende Natur so gut wie m\u00f6glich erleben zu k\u00f6nnen, wurden gro\u00dfe Panoramaterrassen in das Projekt einbezogen.<\/p>\n<p><strong>Immobilientyp<\/strong> Mehrfamilienhaus<\/p>\n<p><strong>Grundfl\u00e4che<\/strong> 1960 m\u00b2<\/p>\n<p><strong>Wohnfl\u00e4che<\/strong> 1000 m\u00b2<\/p>\n<p><strong>Baujahr<\/strong> 2012<\/p>\n<\/div><div class=\"fusion-clearfix\"><\/div><\/div><\/div><div class=\"fusion-layout-column fusion_builder_column fusion-builder-column-6 fusion_builder_column_1_3 1_3 fusion-one-third fusion-column-first\" style=\"--awb-bg-blend:overlay;--awb-bg-size:cover;--awb-margin-bottom:40px;width:30.6666%; margin-right: 4%;\"><div class=\"fusion-column-wrapper fusion-flex-column-wrapper-legacy\"><div class=\"fusion-image-carousel fusion-image-carousel-auto fusion-image-carousel-4 lightbox-enabled fusion-carousel-border\"><div class=\"awb-carousel awb-swiper awb-swiper-carousel awb-carousel--carousel awb-swiper-dots-position-bottom\" data-layout=\"carousel\" data-autoplay=\"no\" data-autoplayspeed=\"2500\" data-autoplaypause=\"no\" data-loop=\"yes\" data-columns=\"1\" data-columnsmedium=\"1\" data-columnssmall=\"1\" data-itemmargin=\"13\" data-itemwidth=\"180\" data-touchscroll=\"no\" data-freemode=\"no\" data-imagesize=\"auto\" data-scrollitems=\"0\" data-centeredslides=\"no\" data-rotationangle=\"50\" data-depth=\"100\" data-speed=\"500\" data-shadow=\"no\" data-pagination=\"bullets\" style=\"--awb-columns:1;--awb-border-width:1px;--awb-border-color:#e9eaee;\"><div class=\"swiper-wrapper awb-image-carousel-wrapper fusion-flex-align-items-center\"><div class=\"swiper-slide\"><div class=\"fusion-carousel-item-wrapper\"><div class=\"fusion-image-wrapper hover-type-none\"><a data-rel=\"iLightbox[image_carousel_4]\" data-title=\"2\" aria-label=\"2\" href=\"https:\/\/www.hoferarchitettura.ch\/wp-content\/uploads\/2016\/05\/2.jpg\" target=\"_self\"><img decoding=\"async\" width=\"365\" height=\"274\" src=\"https:\/\/www.hoferarchitettura.ch\/wp-content\/uploads\/2016\/05\/2.jpg\" class=\"attachment-full size-full\" alt=\"\" srcset=\"https:\/\/www.hoferarchitettura.ch\/wp-content\/uploads\/2016\/05\/2-200x150.jpg 200w, https:\/\/www.hoferarchitettura.ch\/wp-content\/uploads\/2016\/05\/2-300x225.jpg 300w, https:\/\/www.hoferarchitettura.ch\/wp-content\/uploads\/2016\/05\/2.jpg 365w\" sizes=\"(max-width: 365px) 100vw, 365px\" \/><\/a><\/div><\/div><\/div><div class=\"swiper-slide\"><div class=\"fusion-carousel-item-wrapper\"><div class=\"fusion-image-wrapper hover-type-none\"><a data-rel=\"iLightbox[image_carousel_4]\" data-title=\"1\" aria-label=\"1\" href=\"https:\/\/www.hoferarchitettura.ch\/wp-content\/uploads\/2016\/05\/1.jpg\" target=\"_self\"><img decoding=\"async\" width=\"365\" height=\"274\" src=\"https:\/\/www.hoferarchitettura.ch\/wp-content\/uploads\/2016\/05\/1.jpg\" class=\"attachment-full size-full\" alt=\"\" srcset=\"https:\/\/www.hoferarchitettura.ch\/wp-content\/uploads\/2016\/05\/1-200x150.jpg 200w, https:\/\/www.hoferarchitettura.ch\/wp-content\/uploads\/2016\/05\/1-300x225.jpg 300w, https:\/\/www.hoferarchitettura.ch\/wp-content\/uploads\/2016\/05\/1.jpg 365w\" sizes=\"(max-width: 365px) 100vw, 365px\" \/><\/a><\/div><\/div><\/div><div class=\"swiper-slide\"><div class=\"fusion-carousel-item-wrapper\"><div class=\"fusion-image-wrapper hover-type-none\"><a data-rel=\"iLightbox[image_carousel_4]\" data-title=\"6\" aria-label=\"6\" href=\"https:\/\/www.hoferarchitettura.ch\/wp-content\/uploads\/2016\/05\/6.jpg\" target=\"_self\"><img decoding=\"async\" width=\"365\" height=\"274\" src=\"https:\/\/www.hoferarchitettura.ch\/wp-content\/uploads\/2016\/05\/6.jpg\" class=\"attachment-full size-full\" alt=\"\" srcset=\"https:\/\/www.hoferarchitettura.ch\/wp-content\/uploads\/2016\/05\/6-200x150.jpg 200w, https:\/\/www.hoferarchitettura.ch\/wp-content\/uploads\/2016\/05\/6-300x225.jpg 300w, https:\/\/www.hoferarchitettura.ch\/wp-content\/uploads\/2016\/05\/6.jpg 365w\" sizes=\"(max-width: 365px) 100vw, 365px\" \/><\/a><\/div><\/div><\/div><div class=\"swiper-slide\"><div class=\"fusion-carousel-item-wrapper\"><div class=\"fusion-image-wrapper hover-type-none\"><a data-rel=\"iLightbox[image_carousel_4]\" data-title=\"7\" aria-label=\"7\" href=\"https:\/\/www.hoferarchitettura.ch\/wp-content\/uploads\/2016\/05\/7.jpg\" target=\"_self\"><img decoding=\"async\" width=\"365\" height=\"274\" src=\"https:\/\/www.hoferarchitettura.ch\/wp-content\/uploads\/2016\/05\/7.jpg\" class=\"attachment-full size-full\" alt=\"\" srcset=\"https:\/\/www.hoferarchitettura.ch\/wp-content\/uploads\/2016\/05\/7-200x150.jpg 200w, https:\/\/www.hoferarchitettura.ch\/wp-content\/uploads\/2016\/05\/7-300x225.jpg 300w, https:\/\/www.hoferarchitettura.ch\/wp-content\/uploads\/2016\/05\/7.jpg 365w\" sizes=\"(max-width: 365px) 100vw, 365px\" \/><\/a><\/div><\/div><\/div><\/div><div class=\"awb-swiper-button awb-swiper-button-prev\"><i class=\"awb-icon-angle-left\" aria-hidden=\"true\"><\/i><\/div><div class=\"awb-swiper-button awb-swiper-button-next\"><i class=\"awb-icon-angle-right\" aria-hidden=\"true\"><\/i><\/div><\/div><\/div><div class=\"fusion-text fusion-text-6\"><h2 class=\"fusion-responsive-typography-calculated\" style=\"--fontsize: 24; line-height: 1.5; --minfontsize: 24;\" data-fontsize=\"24\" data-lineheight=\"36px\">Renovierung und Erweiterung Villa &#8211; Brissago<\/h2>\n<p>Diese pr\u00e4chtige Villa liegt inmitten eines wundersch\u00f6nen Parks direkt am Lago Maggiore. Die Renovierung hat den architektonischen Stil vom Bauhaus zum klassisch-mediterranen Stil komplett ver\u00e4ndert.<\/p>\n<p><strong>Objekttyp<\/strong> Villa<\/p>\n<p><strong>Grundfl\u00e4che<\/strong> ca. 2900<\/p>\n<p><strong>Wohnfl\u00e4che<\/strong> ca. 450<\/p>\n<p><strong>Baujahr<\/strong> 1965<\/p>\n<p><strong>Renovierung<\/strong> 2003<\/p>\n<\/div><div class=\"fusion-clearfix\"><\/div><\/div><\/div><div class=\"fusion-layout-column fusion_builder_column fusion-builder-column-7 fusion_builder_column_1_3 1_3 fusion-one-third\" style=\"--awb-bg-blend:overlay;--awb-bg-size:cover;--awb-margin-bottom:40px;width:30.6666%; margin-right: 4%;\"><div class=\"fusion-column-wrapper fusion-flex-column-wrapper-legacy\"><div class=\"fusion-image-carousel fusion-image-carousel-auto fusion-image-carousel-5 lightbox-enabled fusion-carousel-border\"><div class=\"awb-carousel awb-swiper awb-swiper-carousel awb-carousel--carousel awb-swiper-dots-position-bottom\" data-layout=\"carousel\" data-autoplay=\"no\" data-autoplayspeed=\"2500\" data-autoplaypause=\"no\" data-loop=\"yes\" data-columns=\"1\" data-columnsmedium=\"1\" data-columnssmall=\"1\" data-itemmargin=\"13\" data-itemwidth=\"180\" data-touchscroll=\"no\" data-freemode=\"no\" data-imagesize=\"auto\" data-scrollitems=\"0\" data-centeredslides=\"no\" data-rotationangle=\"50\" data-depth=\"100\" data-speed=\"500\" data-shadow=\"no\" data-pagination=\"bullets\" style=\"--awb-columns:1;--awb-border-width:1px;--awb-border-color:#e9eaee;\"><div class=\"swiper-wrapper awb-image-carousel-wrapper fusion-flex-align-items-center\"><div class=\"swiper-slide\"><div class=\"fusion-carousel-item-wrapper\"><div class=\"fusion-image-wrapper hover-type-none\"><a data-rel=\"iLightbox[image_carousel_5]\" data-title=\"4\" aria-label=\"4\" href=\"https:\/\/www.hoferarchitettura.ch\/wp-content\/uploads\/2020\/09\/4-1024x768.jpg\" target=\"_self\"><img decoding=\"async\" width=\"2000\" height=\"1500\" src=\"https:\/\/www.hoferarchitettura.ch\/wp-content\/uploads\/2020\/09\/4.jpg\" class=\"attachment-full size-full\" alt=\"\" srcset=\"https:\/\/www.hoferarchitettura.ch\/wp-content\/uploads\/2020\/09\/4-200x150.jpg 200w, https:\/\/www.hoferarchitettura.ch\/wp-content\/uploads\/2020\/09\/4-300x225.jpg 300w, https:\/\/www.hoferarchitettura.ch\/wp-content\/uploads\/2020\/09\/4-400x300.jpg 400w, https:\/\/www.hoferarchitettura.ch\/wp-content\/uploads\/2020\/09\/4-600x450.jpg 600w, https:\/\/www.hoferarchitettura.ch\/wp-content\/uploads\/2020\/09\/4-768x576.jpg 768w, https:\/\/www.hoferarchitettura.ch\/wp-content\/uploads\/2020\/09\/4-800x600.jpg 800w, https:\/\/www.hoferarchitettura.ch\/wp-content\/uploads\/2020\/09\/4-1024x768.jpg 1024w, https:\/\/www.hoferarchitettura.ch\/wp-content\/uploads\/2020\/09\/4-1200x900.jpg 1200w, https:\/\/www.hoferarchitettura.ch\/wp-content\/uploads\/2020\/09\/4-1536x1152.jpg 1536w, https:\/\/www.hoferarchitettura.ch\/wp-content\/uploads\/2020\/09\/4.jpg 2000w\" sizes=\"(max-width: 2000px) 100vw, 2000px\" \/><\/a><\/div><\/div><\/div><div class=\"swiper-slide\"><div class=\"fusion-carousel-item-wrapper\"><div class=\"fusion-image-wrapper hover-type-none\"><a data-rel=\"iLightbox[image_carousel_5]\" data-title=\"DSCN4399\" aria-label=\"DSCN4399\" href=\"https:\/\/www.hoferarchitettura.ch\/wp-content\/uploads\/2016\/05\/DSCN4399-1.jpg\" target=\"_self\"><img decoding=\"async\" width=\"1200\" height=\"900\" src=\"https:\/\/www.hoferarchitettura.ch\/wp-content\/uploads\/2016\/05\/DSCN4399-1.jpg\" class=\"attachment-full size-full\" alt=\"\" srcset=\"https:\/\/www.hoferarchitettura.ch\/wp-content\/uploads\/2016\/05\/DSCN4399-1-200x150.jpg 200w, https:\/\/www.hoferarchitettura.ch\/wp-content\/uploads\/2016\/05\/DSCN4399-1-300x225.jpg 300w, https:\/\/www.hoferarchitettura.ch\/wp-content\/uploads\/2016\/05\/DSCN4399-1-400x300.jpg 400w, https:\/\/www.hoferarchitettura.ch\/wp-content\/uploads\/2016\/05\/DSCN4399-1-600x450.jpg 600w, https:\/\/www.hoferarchitettura.ch\/wp-content\/uploads\/2016\/05\/DSCN4399-1-768x576.jpg 768w, https:\/\/www.hoferarchitettura.ch\/wp-content\/uploads\/2016\/05\/DSCN4399-1-800x600.jpg 800w, https:\/\/www.hoferarchitettura.ch\/wp-content\/uploads\/2016\/05\/DSCN4399-1-1024x768.jpg 1024w, https:\/\/www.hoferarchitettura.ch\/wp-content\/uploads\/2016\/05\/DSCN4399-1.jpg 1200w\" sizes=\"(max-width: 1200px) 100vw, 1200px\" \/><\/a><\/div><\/div><\/div><div class=\"swiper-slide\"><div class=\"fusion-carousel-item-wrapper\"><div class=\"fusion-image-wrapper hover-type-none\"><a data-rel=\"iLightbox[image_carousel_5]\" data-title=\"DSCN4394\" aria-label=\"DSCN4394\" href=\"https:\/\/www.hoferarchitettura.ch\/wp-content\/uploads\/2016\/05\/DSCN4394-1.jpg\" target=\"_self\"><img decoding=\"async\" width=\"1200\" height=\"900\" src=\"https:\/\/www.hoferarchitettura.ch\/wp-content\/uploads\/2016\/05\/DSCN4394-1.jpg\" class=\"attachment-full size-full\" alt=\"\" srcset=\"https:\/\/www.hoferarchitettura.ch\/wp-content\/uploads\/2016\/05\/DSCN4394-1-200x150.jpg 200w, https:\/\/www.hoferarchitettura.ch\/wp-content\/uploads\/2016\/05\/DSCN4394-1-300x225.jpg 300w, https:\/\/www.hoferarchitettura.ch\/wp-content\/uploads\/2016\/05\/DSCN4394-1-400x300.jpg 400w, https:\/\/www.hoferarchitettura.ch\/wp-content\/uploads\/2016\/05\/DSCN4394-1-600x450.jpg 600w, https:\/\/www.hoferarchitettura.ch\/wp-content\/uploads\/2016\/05\/DSCN4394-1-768x576.jpg 768w, https:\/\/www.hoferarchitettura.ch\/wp-content\/uploads\/2016\/05\/DSCN4394-1-800x600.jpg 800w, https:\/\/www.hoferarchitettura.ch\/wp-content\/uploads\/2016\/05\/DSCN4394-1-1024x768.jpg 1024w, https:\/\/www.hoferarchitettura.ch\/wp-content\/uploads\/2016\/05\/DSCN4394-1.jpg 1200w\" sizes=\"(max-width: 1200px) 100vw, 1200px\" \/><\/a><\/div><\/div><\/div><div class=\"swiper-slide\"><div class=\"fusion-carousel-item-wrapper\"><div class=\"fusion-image-wrapper hover-type-none\"><a data-rel=\"iLightbox[image_carousel_5]\" data-title=\"DSCN4385\" aria-label=\"DSCN4385\" href=\"https:\/\/www.hoferarchitettura.ch\/wp-content\/uploads\/2016\/05\/DSCN4385.jpg\" target=\"_self\"><img decoding=\"async\" width=\"1200\" height=\"900\" src=\"https:\/\/www.hoferarchitettura.ch\/wp-content\/uploads\/2016\/05\/DSCN4385.jpg\" class=\"attachment-full size-full\" alt=\"\" srcset=\"https:\/\/www.hoferarchitettura.ch\/wp-content\/uploads\/2016\/05\/DSCN4385-200x150.jpg 200w, https:\/\/www.hoferarchitettura.ch\/wp-content\/uploads\/2016\/05\/DSCN4385-300x225.jpg 300w, https:\/\/www.hoferarchitettura.ch\/wp-content\/uploads\/2016\/05\/DSCN4385-400x300.jpg 400w, https:\/\/www.hoferarchitettura.ch\/wp-content\/uploads\/2016\/05\/DSCN4385-600x450.jpg 600w, https:\/\/www.hoferarchitettura.ch\/wp-content\/uploads\/2016\/05\/DSCN4385-768x576.jpg 768w, https:\/\/www.hoferarchitettura.ch\/wp-content\/uploads\/2016\/05\/DSCN4385-800x600.jpg 800w, https:\/\/www.hoferarchitettura.ch\/wp-content\/uploads\/2016\/05\/DSCN4385-1024x768.jpg 1024w, https:\/\/www.hoferarchitettura.ch\/wp-content\/uploads\/2016\/05\/DSCN4385.jpg 1200w\" sizes=\"(max-width: 1200px) 100vw, 1200px\" \/><\/a><\/div><\/div><\/div><div class=\"swiper-slide\"><div class=\"fusion-carousel-item-wrapper\"><div class=\"fusion-image-wrapper hover-type-none\"><a data-rel=\"iLightbox[image_carousel_5]\" data-title=\"DSCN4390\" aria-label=\"DSCN4390\" href=\"https:\/\/www.hoferarchitettura.ch\/wp-content\/uploads\/2016\/05\/DSCN4390-1.jpg\" target=\"_self\"><img decoding=\"async\" width=\"1200\" height=\"900\" src=\"https:\/\/www.hoferarchitettura.ch\/wp-content\/uploads\/2016\/05\/DSCN4390-1.jpg\" class=\"attachment-full size-full\" alt=\"\" srcset=\"https:\/\/www.hoferarchitettura.ch\/wp-content\/uploads\/2016\/05\/DSCN4390-1-200x150.jpg 200w, https:\/\/www.hoferarchitettura.ch\/wp-content\/uploads\/2016\/05\/DSCN4390-1-300x225.jpg 300w, https:\/\/www.hoferarchitettura.ch\/wp-content\/uploads\/2016\/05\/DSCN4390-1-400x300.jpg 400w, https:\/\/www.hoferarchitettura.ch\/wp-content\/uploads\/2016\/05\/DSCN4390-1-600x450.jpg 600w, https:\/\/www.hoferarchitettura.ch\/wp-content\/uploads\/2016\/05\/DSCN4390-1-768x576.jpg 768w, https:\/\/www.hoferarchitettura.ch\/wp-content\/uploads\/2016\/05\/DSCN4390-1-800x600.jpg 800w, https:\/\/www.hoferarchitettura.ch\/wp-content\/uploads\/2016\/05\/DSCN4390-1-1024x768.jpg 1024w, https:\/\/www.hoferarchitettura.ch\/wp-content\/uploads\/2016\/05\/DSCN4390-1.jpg 1200w\" sizes=\"(max-width: 1200px) 100vw, 1200px\" \/><\/a><\/div><\/div><\/div><div class=\"swiper-slide\"><div class=\"fusion-carousel-item-wrapper\"><div class=\"fusion-image-wrapper hover-type-none\"><a data-rel=\"iLightbox[image_carousel_5]\" data-title=\"DSCN4386\" aria-label=\"DSCN4386\" href=\"https:\/\/www.hoferarchitettura.ch\/wp-content\/uploads\/2016\/05\/DSCN4386-1.jpg\" target=\"_self\"><img decoding=\"async\" width=\"1200\" height=\"900\" src=\"https:\/\/www.hoferarchitettura.ch\/wp-content\/uploads\/2016\/05\/DSCN4386-1.jpg\" class=\"attachment-full size-full\" alt=\"\" srcset=\"https:\/\/www.hoferarchitettura.ch\/wp-content\/uploads\/2016\/05\/DSCN4386-1-200x150.jpg 200w, https:\/\/www.hoferarchitettura.ch\/wp-content\/uploads\/2016\/05\/DSCN4386-1-300x225.jpg 300w, https:\/\/www.hoferarchitettura.ch\/wp-content\/uploads\/2016\/05\/DSCN4386-1-400x300.jpg 400w, https:\/\/www.hoferarchitettura.ch\/wp-content\/uploads\/2016\/05\/DSCN4386-1-600x450.jpg 600w, https:\/\/www.hoferarchitettura.ch\/wp-content\/uploads\/2016\/05\/DSCN4386-1-768x576.jpg 768w, https:\/\/www.hoferarchitettura.ch\/wp-content\/uploads\/2016\/05\/DSCN4386-1-800x600.jpg 800w, https:\/\/www.hoferarchitettura.ch\/wp-content\/uploads\/2016\/05\/DSCN4386-1-1024x768.jpg 1024w, https:\/\/www.hoferarchitettura.ch\/wp-content\/uploads\/2016\/05\/DSCN4386-1.jpg 1200w\" sizes=\"(max-width: 1200px) 100vw, 1200px\" \/><\/a><\/div><\/div><\/div><div class=\"swiper-slide\"><div class=\"fusion-carousel-item-wrapper\"><div class=\"fusion-image-wrapper hover-type-none\"><a data-rel=\"iLightbox[image_carousel_5]\" data-title=\"DSCN4382\" aria-label=\"DSCN4382\" href=\"https:\/\/www.hoferarchitettura.ch\/wp-content\/uploads\/2016\/05\/DSCN4382-1.jpg\" target=\"_self\"><img decoding=\"async\" width=\"1200\" height=\"900\" src=\"https:\/\/www.hoferarchitettura.ch\/wp-content\/uploads\/2016\/05\/DSCN4382-1.jpg\" class=\"attachment-full size-full\" alt=\"\" srcset=\"https:\/\/www.hoferarchitettura.ch\/wp-content\/uploads\/2016\/05\/DSCN4382-1-200x150.jpg 200w, https:\/\/www.hoferarchitettura.ch\/wp-content\/uploads\/2016\/05\/DSCN4382-1-300x225.jpg 300w, https:\/\/www.hoferarchitettura.ch\/wp-content\/uploads\/2016\/05\/DSCN4382-1-400x300.jpg 400w, https:\/\/www.hoferarchitettura.ch\/wp-content\/uploads\/2016\/05\/DSCN4382-1-600x450.jpg 600w, https:\/\/www.hoferarchitettura.ch\/wp-content\/uploads\/2016\/05\/DSCN4382-1-768x576.jpg 768w, https:\/\/www.hoferarchitettura.ch\/wp-content\/uploads\/2016\/05\/DSCN4382-1-800x600.jpg 800w, https:\/\/www.hoferarchitettura.ch\/wp-content\/uploads\/2016\/05\/DSCN4382-1-1024x768.jpg 1024w, https:\/\/www.hoferarchitettura.ch\/wp-content\/uploads\/2016\/05\/DSCN4382-1.jpg 1200w\" sizes=\"(max-width: 1200px) 100vw, 1200px\" \/><\/a><\/div><\/div><\/div><div class=\"swiper-slide\"><div class=\"fusion-carousel-item-wrapper\"><div class=\"fusion-image-wrapper hover-type-none\"><a data-rel=\"iLightbox[image_carousel_5]\" data-title=\"DSCN4395\" aria-label=\"DSCN4395\" href=\"https:\/\/www.hoferarchitettura.ch\/wp-content\/uploads\/2016\/05\/DSCN4395-1.jpg\" target=\"_self\"><img decoding=\"async\" width=\"1200\" height=\"900\" src=\"https:\/\/www.hoferarchitettura.ch\/wp-content\/uploads\/2016\/05\/DSCN4395-1.jpg\" class=\"attachment-full size-full\" alt=\"\" srcset=\"https:\/\/www.hoferarchitettura.ch\/wp-content\/uploads\/2016\/05\/DSCN4395-1-200x150.jpg 200w, https:\/\/www.hoferarchitettura.ch\/wp-content\/uploads\/2016\/05\/DSCN4395-1-300x225.jpg 300w, https:\/\/www.hoferarchitettura.ch\/wp-content\/uploads\/2016\/05\/DSCN4395-1-400x300.jpg 400w, https:\/\/www.hoferarchitettura.ch\/wp-content\/uploads\/2016\/05\/DSCN4395-1-600x450.jpg 600w, https:\/\/www.hoferarchitettura.ch\/wp-content\/uploads\/2016\/05\/DSCN4395-1-768x576.jpg 768w, https:\/\/www.hoferarchitettura.ch\/wp-content\/uploads\/2016\/05\/DSCN4395-1-800x600.jpg 800w, https:\/\/www.hoferarchitettura.ch\/wp-content\/uploads\/2016\/05\/DSCN4395-1-1024x768.jpg 1024w, https:\/\/www.hoferarchitettura.ch\/wp-content\/uploads\/2016\/05\/DSCN4395-1.jpg 1200w\" sizes=\"(max-width: 1200px) 100vw, 1200px\" \/><\/a><\/div><\/div><\/div><div class=\"swiper-slide\"><div class=\"fusion-carousel-item-wrapper\"><div class=\"fusion-image-wrapper hover-type-none\"><a data-rel=\"iLightbox[image_carousel_5]\" data-title=\"DSCN4377\" aria-label=\"DSCN4377\" href=\"https:\/\/www.hoferarchitettura.ch\/wp-content\/uploads\/2016\/05\/DSCN4377-1.jpg\" target=\"_self\"><img decoding=\"async\" width=\"1200\" height=\"900\" src=\"https:\/\/www.hoferarchitettura.ch\/wp-content\/uploads\/2016\/05\/DSCN4377-1.jpg\" class=\"attachment-full size-full\" alt=\"\" srcset=\"https:\/\/www.hoferarchitettura.ch\/wp-content\/uploads\/2016\/05\/DSCN4377-1-200x150.jpg 200w, https:\/\/www.hoferarchitettura.ch\/wp-content\/uploads\/2016\/05\/DSCN4377-1-300x225.jpg 300w, https:\/\/www.hoferarchitettura.ch\/wp-content\/uploads\/2016\/05\/DSCN4377-1-400x300.jpg 400w, https:\/\/www.hoferarchitettura.ch\/wp-content\/uploads\/2016\/05\/DSCN4377-1-600x450.jpg 600w, https:\/\/www.hoferarchitettura.ch\/wp-content\/uploads\/2016\/05\/DSCN4377-1-768x576.jpg 768w, https:\/\/www.hoferarchitettura.ch\/wp-content\/uploads\/2016\/05\/DSCN4377-1-800x600.jpg 800w, https:\/\/www.hoferarchitettura.ch\/wp-content\/uploads\/2016\/05\/DSCN4377-1-1024x768.jpg 1024w, https:\/\/www.hoferarchitettura.ch\/wp-content\/uploads\/2016\/05\/DSCN4377-1.jpg 1200w\" sizes=\"(max-width: 1200px) 100vw, 1200px\" \/><\/a><\/div><\/div><\/div><div class=\"swiper-slide\"><div class=\"fusion-carousel-item-wrapper\"><div class=\"fusion-image-wrapper hover-type-none\"><a data-rel=\"iLightbox[image_carousel_5]\" data-title=\"DSCN4403\" aria-label=\"DSCN4403\" href=\"https:\/\/www.hoferarchitettura.ch\/wp-content\/uploads\/2016\/05\/DSCN4403-2.jpg\" target=\"_self\"><img decoding=\"async\" width=\"1200\" height=\"900\" src=\"https:\/\/www.hoferarchitettura.ch\/wp-content\/uploads\/2016\/05\/DSCN4403-2.jpg\" class=\"attachment-full size-full\" alt=\"\" srcset=\"https:\/\/www.hoferarchitettura.ch\/wp-content\/uploads\/2016\/05\/DSCN4403-2-200x150.jpg 200w, https:\/\/www.hoferarchitettura.ch\/wp-content\/uploads\/2016\/05\/DSCN4403-2-300x225.jpg 300w, https:\/\/www.hoferarchitettura.ch\/wp-content\/uploads\/2016\/05\/DSCN4403-2-400x300.jpg 400w, https:\/\/www.hoferarchitettura.ch\/wp-content\/uploads\/2016\/05\/DSCN4403-2-600x450.jpg 600w, https:\/\/www.hoferarchitettura.ch\/wp-content\/uploads\/2016\/05\/DSCN4403-2-768x576.jpg 768w, https:\/\/www.hoferarchitettura.ch\/wp-content\/uploads\/2016\/05\/DSCN4403-2-800x600.jpg 800w, https:\/\/www.hoferarchitettura.ch\/wp-content\/uploads\/2016\/05\/DSCN4403-2-1024x768.jpg 1024w, https:\/\/www.hoferarchitettura.ch\/wp-content\/uploads\/2016\/05\/DSCN4403-2.jpg 1200w\" sizes=\"(max-width: 1200px) 100vw, 1200px\" \/><\/a><\/div><\/div><\/div><div class=\"swiper-slide\"><div class=\"fusion-carousel-item-wrapper\"><div class=\"fusion-image-wrapper hover-type-none\"><a data-rel=\"iLightbox[image_carousel_5]\" data-title=\"DSCN4396\" aria-label=\"DSCN4396\" href=\"https:\/\/www.hoferarchitettura.ch\/wp-content\/uploads\/2016\/05\/DSCN4396-1.jpg\" target=\"_self\"><img decoding=\"async\" width=\"1200\" height=\"900\" src=\"https:\/\/www.hoferarchitettura.ch\/wp-content\/uploads\/2016\/05\/DSCN4396-1.jpg\" class=\"attachment-full size-full\" alt=\"\" srcset=\"https:\/\/www.hoferarchitettura.ch\/wp-content\/uploads\/2016\/05\/DSCN4396-1-200x150.jpg 200w, https:\/\/www.hoferarchitettura.ch\/wp-content\/uploads\/2016\/05\/DSCN4396-1-300x225.jpg 300w, https:\/\/www.hoferarchitettura.ch\/wp-content\/uploads\/2016\/05\/DSCN4396-1-400x300.jpg 400w, https:\/\/www.hoferarchitettura.ch\/wp-content\/uploads\/2016\/05\/DSCN4396-1-600x450.jpg 600w, https:\/\/www.hoferarchitettura.ch\/wp-content\/uploads\/2016\/05\/DSCN4396-1-768x576.jpg 768w, https:\/\/www.hoferarchitettura.ch\/wp-content\/uploads\/2016\/05\/DSCN4396-1-800x600.jpg 800w, https:\/\/www.hoferarchitettura.ch\/wp-content\/uploads\/2016\/05\/DSCN4396-1-1024x768.jpg 1024w, https:\/\/www.hoferarchitettura.ch\/wp-content\/uploads\/2016\/05\/DSCN4396-1.jpg 1200w\" sizes=\"(max-width: 1200px) 100vw, 1200px\" \/><\/a><\/div><\/div><\/div><div class=\"swiper-slide\"><div class=\"fusion-carousel-item-wrapper\"><div class=\"fusion-image-wrapper hover-type-none\"><a data-rel=\"iLightbox[image_carousel_5]\" data-title=\"DSCN4401\" aria-label=\"DSCN4401\" href=\"https:\/\/www.hoferarchitettura.ch\/wp-content\/uploads\/2016\/05\/DSCN4401-1.jpg\" target=\"_self\"><img decoding=\"async\" width=\"1200\" height=\"900\" src=\"https:\/\/www.hoferarchitettura.ch\/wp-content\/uploads\/2016\/05\/DSCN4401-1.jpg\" class=\"attachment-full size-full\" alt=\"\" srcset=\"https:\/\/www.hoferarchitettura.ch\/wp-content\/uploads\/2016\/05\/DSCN4401-1-200x150.jpg 200w, https:\/\/www.hoferarchitettura.ch\/wp-content\/uploads\/2016\/05\/DSCN4401-1-300x225.jpg 300w, https:\/\/www.hoferarchitettura.ch\/wp-content\/uploads\/2016\/05\/DSCN4401-1-400x300.jpg 400w, https:\/\/www.hoferarchitettura.ch\/wp-content\/uploads\/2016\/05\/DSCN4401-1-600x450.jpg 600w, https:\/\/www.hoferarchitettura.ch\/wp-content\/uploads\/2016\/05\/DSCN4401-1-768x576.jpg 768w, https:\/\/www.hoferarchitettura.ch\/wp-content\/uploads\/2016\/05\/DSCN4401-1-800x600.jpg 800w, https:\/\/www.hoferarchitettura.ch\/wp-content\/uploads\/2016\/05\/DSCN4401-1-1024x768.jpg 1024w, https:\/\/www.hoferarchitettura.ch\/wp-content\/uploads\/2016\/05\/DSCN4401-1.jpg 1200w\" sizes=\"(max-width: 1200px) 100vw, 1200px\" \/><\/a><\/div><\/div><\/div><\/div><div class=\"awb-swiper-button awb-swiper-button-prev\"><i class=\"awb-icon-angle-left\" aria-hidden=\"true\"><\/i><\/div><div class=\"awb-swiper-button awb-swiper-button-next\"><i class=\"awb-icon-angle-right\" aria-hidden=\"true\"><\/i><\/div><\/div><\/div><div class=\"fusion-text fusion-text-7\"><h2 class=\"fusion-responsive-typography-calculated\" style=\"--fontsize: 24; line-height: 1.5; --minfontsize: 24;\" data-fontsize=\"24\" data-lineheight=\"36px\">Einfamilienhaus &#8211; Brissago<\/h2>\n<p>Das geplante Geb\u00e4ude steht an der K\u00fcste von Piodina. Die Konstruktion umfasst 2 Untergeschosse als Garage und Keller. Das Erdgeschoss, der erste Stock und das Dachgeschoss erheben sich ca. 6 m \u00fcber die Zufahrtsstra\u00dfe. Die Aussicht auf den See und die Berge ist bemerkenswert.<\/p>\n<p><strong>Objektart<\/strong> Einfamilienhaus<\/p>\n<p><strong>Grundfl\u00e4che<\/strong> 583 m\u00b2<\/p>\n<p><strong>Wohnfl\u00e4che<\/strong> 250 m\u00b2<\/p>\n<p><strong>Baujahr<\/strong> 2006<\/p>\n<\/div><div class=\"fusion-clearfix\"><\/div><\/div><\/div><\/div><\/div><div class=\"fusion-fullwidth fullwidth-box fusion-builder-row-4 nonhundred-percent-fullwidth non-hundred-percent-height-scrolling\" style=\"--awb-background-position:left top;--awb-border-sizes-top:0px;--awb-border-sizes-bottom:0px;--awb-border-sizes-left:0px;--awb-border-sizes-right:0px;--awb-border-radius-top-left:0px;--awb-border-radius-top-right:0px;--awb-border-radius-bottom-right:0px;--awb-border-radius-bottom-left:0px;--awb-padding-top:0px;--awb-padding-bottom:20px;--awb-flex-wrap:wrap;\" ><div class=\"fusion-builder-row fusion-row\"><div class=\"fusion-layout-column fusion_builder_column fusion-builder-column-8 fusion_builder_column_1_1 1_1 fusion-one-full fusion-column-first fusion-column-last fusion-column-no-min-height\" style=\"--awb-bg-blend:overlay;--awb-bg-size:cover;--awb-margin-bottom:0px;\"><div class=\"fusion-column-wrapper fusion-flex-column-wrapper-legacy\"><div class=\"fusion-sep-clear\"><\/div><div class=\"fusion-separator fusion-full-width-sep\" style=\"margin-left: auto;margin-right: auto;margin-bottom:40px;width:100%;\"><div class=\"fusion-separator-border sep-shadow\" style=\"--awb-height:20px;--awb-amount:20px;background:radial-gradient(ellipse at 50% -50% , #e0dede 0px, rgba(255, 255, 255, 0) 80%) repeat scroll 0 0 rgba(0, 0, 0, 0);background:-webkit-radial-gradient(ellipse at 50% -50% , #e0dede 0px, rgba(255, 255, 255, 0) 80%) repeat scroll 0 0 rgba(0, 0, 0, 0);background:-moz-radial-gradient(ellipse at 50% -50% , #e0dede 0px, rgba(255, 255, 255, 0) 80%) repeat scroll 0 0 rgba(0, 0, 0, 0);background:-o-radial-gradient(ellipse at 50% -50% , #e0dede 0px, rgba(255, 255, 255, 0) 80%) repeat scroll 0 0 rgba(0, 0, 0, 0);\"><\/div><\/div><div class=\"fusion-sep-clear\"><\/div><div class=\"fusion-clearfix\"><\/div><\/div><\/div><\/div><\/div><div class=\"fusion-fullwidth fullwidth-box fusion-builder-row-5 hundred-percent-fullwidth non-hundred-percent-height-scrolling\" style=\"--awb-border-radius-top-left:0px;--awb-border-radius-top-right:0px;--awb-border-radius-bottom-right:0px;--awb-border-radius-bottom-left:0px;--awb-overflow:visible;--awb-flex-wrap:wrap;\" ><div class=\"fusion-builder-row fusion-row\"><div class=\"fusion-layout-column fusion_builder_column fusion-builder-column-9 fusion_builder_column_1_3 1_3 fusion-one-third fusion-column-first\" style=\"--awb-bg-blend:overlay;--awb-bg-size:cover;width:30.6666%; margin-right: 4%;\"><div class=\"fusion-column-wrapper fusion-flex-column-wrapper-legacy\"><div class=\"fusion-image-element in-legacy-container\" style=\"--awb-caption-title-font-family:var(--h2_typography-font-family);--awb-caption-title-font-weight:var(--h2_typography-font-weight);--awb-caption-title-font-style:var(--h2_typography-font-style);--awb-caption-title-size:var(--h2_typography-font-size);--awb-caption-title-transform:var(--h2_typography-text-transform);--awb-caption-title-line-height:var(--h2_typography-line-height);--awb-caption-title-letter-spacing:var(--h2_typography-letter-spacing);\"><span class=\" fusion-imageframe imageframe-none imageframe-1 hover-type-none\"><img decoding=\"async\" width=\"300\" height=\"63\" title=\"logo\" src=\"https:\/\/www.hoferarchitettura.ch\/wp-content\/uploads\/2016\/05\/logo.jpg\" alt class=\"img-responsive wp-image-71\" srcset=\"https:\/\/www.hoferarchitettura.ch\/wp-content\/uploads\/2016\/05\/logo-200x42.jpg 200w, https:\/\/www.hoferarchitettura.ch\/wp-content\/uploads\/2016\/05\/logo.jpg 300w\" sizes=\"(max-width: 800px) 100vw, 300px\" \/><\/span><\/div><div class=\"fusion-text fusion-text-8\"><p>Via R. Leoncavallo 12<br \/>\n6614 Brissago<\/p>\n<p>Tel. <a class=\"fl r-iM7Mg_wDgJJM\" title=\"Call via Hangouts\" href=\"mailto:rh@hoferarchitettura.ch\" data-number=\"+41917930013\" data-pstn-out-call-url=\"\" data-rtid=\"iM7Mg_wDgJJM\" data-ved=\"0ahUKEwiGzqW_0ejMAhWISRoKHeyxCRsQkAgIdzAO\">091 793 00 13<br \/>\nrh@hoferarchitettura.ch<\/a><\/p>\n<p>Montag bis Freitag<br \/>\n8.00-12.00 | 13.30-18.00<\/p>\n<\/div><div class=\"fusion-clearfix\"><\/div><\/div><\/div><div class=\"fusion-layout-column fusion_builder_column fusion-builder-column-10 fusion_builder_column_2_3 2_3 fusion-two-third fusion-column-last\" style=\"--awb-bg-blend:overlay;--awb-bg-size:cover;width:65.3333%;\"><div class=\"fusion-column-wrapper fusion-flex-column-wrapper-legacy\">\t\t\t\t\t<script type=\"text\/javascript\">\n\t\t\t\t\t\tvar map_fusion_map_6a9cda40659a6;\n\t\t\t\t\t\tvar markers = [];\n\t\t\t\t\t\tvar counter = 0;\n\t\t\t\t\t\t\t\t\t\t\t\t\t\t\t\t\t\t\t\tvar fusionMapNonce = 'ec0da02bc5';\n\t\t\t\t\t\t\t\t\t\t\t\tfunction fusion_run_map_fusion_map_6a9cda40659a6() {\n\t\t\t\t\t\t\tjQuery ('#fusion_map_6a9cda40659a6' ).fusion_maps( {\n\t\t\t\t\t\t\t\taddresses: [{\"address\":\"Via R. Leoncavallo 12, 6614 Brissago\",\"infobox_content\":\"Via R. Leoncavallo 12, 6614 Brissago\",\"coordinates\":false,\"cache\":true,\"latitude\":\"46.1201841\",\"longitude\":\"8.711119100000019\"}],\n\t\t\t\t\t\t\t\tanimations: true,\n\t\t\t\t\t\t\t\tinfobox_background_color: '',\n\t\t\t\t\t\t\t\tinfobox_styling: 'default',\n\t\t\t\t\t\t\t\tinfobox_text_color: '',\n\t\t\t\t\t\t\t\tmap_style: 'default',\n\t\t\t\t\t\t\t\tmap_type: 'roadmap',\n\t\t\t\t\t\t\t\tmarker_icon: '',\n\t\t\t\t\t\t\t\toverlay_color: '#7cd140',\n\t\t\t\t\t\t\t\toverlay_color_hsl: {\"hue\":95,\"sat\":61,\"lum\":54},\n\t\t\t\t\t\t\t\tshow_address: true,\n\t\t\t\t\t\t\t\tscale_control: true,\n\t\t\t\t\t\t\t\tscrollwheel: false,\n\t\t\t\t\t\t\t\tzoom: 16,\n\t\t\t\t\t\t\t\tzoom_control: true,\n\t\t\t\t\t\t\t} );\n\t\t\t\t\t\t}\n\n\t\t\t\t\t\tgoogle.maps.event.addDomListener(window, 'load', fusion_run_map_fusion_map_6a9cda40659a6);\n\t\t\t\t\t<\/script>\n\t\t\t\t\t<div class=\"shortcode-map fusion-google-map fusion-maps-js-type\" id=\"fusion_map_6a9cda40659a6\"><\/div><div class=\"fusion-clearfix\"><\/div><\/div><\/div><\/div><\/div><\/p>\n","protected":false},"excerpt":{"rendered":"","protected":false},"author":1,"featured_media":0,"parent":0,"menu_order":0,"comment_status":"closed","ping_status":"closed","template":"","meta":{"footnotes":""},"class_list":["post-364","page","type-page","status-publish","hentry"],"_links":{"self":[{"href":"https:\/\/www.hoferarchitettura.ch\/de\/wp-json\/wp\/v2\/pages\/364","targetHints":{"allow":["GET"]}}],"collection":[{"href":"https:\/\/www.hoferarchitettura.ch\/de\/wp-json\/wp\/v2\/pages"}],"about":[{"href":"https:\/\/www.hoferarchitettura.ch\/de\/wp-json\/wp\/v2\/types\/page"}],"author":[{"embeddable":true,"href":"https:\/\/www.hoferarchitettura.ch\/de\/wp-json\/wp\/v2\/users\/1"}],"replies":[{"embeddable":true,"href":"https:\/\/www.hoferarchitettura.ch\/de\/wp-json\/wp\/v2\/comments?post=364"}],"version-history":[{"count":5,"href":"https:\/\/www.hoferarchitettura.ch\/de\/wp-json\/wp\/v2\/pages\/364\/revisions"}],"predecessor-version":[{"id":555,"href":"https:\/\/www.hoferarchitettura.ch\/de\/wp-json\/wp\/v2\/pages\/364\/revisions\/555"}],"wp:attachment":[{"href":"https:\/\/www.hoferarchitettura.ch\/de\/wp-json\/wp\/v2\/media?parent=364"}],"curies":[{"name":"wp","href":"https:\/\/api.w.org\/{rel}","templated":true}]}}