{"id":559,"date":"2024-10-29T11:28:30","date_gmt":"2024-10-29T11:28:30","guid":{"rendered":"https:\/\/www.hoferarchitettura.ch\/zu-verkaufen\/"},"modified":"2025-09-05T07:23:23","modified_gmt":"2025-09-05T07:23:23","slug":"zu-verkaufen","status":"publish","type":"page","link":"https:\/\/www.hoferarchitettura.ch\/de\/zu-verkaufen\/","title":{"rendered":"Zu verkaufen"},"content":{"rendered":"<div class=\"fusion-fullwidth fullwidth-box fusion-builder-row-1 nonhundred-percent-fullwidth non-hundred-percent-height-scrolling\" style=\"--awb-background-position:left top;--awb-border-sizes-top:0px;--awb-border-sizes-bottom:0px;--awb-border-sizes-left:0px;--awb-border-sizes-right:0px;--awb-border-radius-top-left:0px;--awb-border-radius-top-right:0px;--awb-border-radius-bottom-right:0px;--awb-border-radius-bottom-left:0px;--awb-padding-top:20px;--awb-padding-bottom:20px;--awb-flex-wrap:wrap;\" ><div class=\"fusion-builder-row fusion-row\"><div class=\"fusion-layout-column fusion_builder_column fusion-builder-column-0 fusion_builder_column_1_2 1_2 fusion-one-half fusion-column-first fusion-animated\" style=\"--awb-padding-top:15px;--awb-padding-right:15px;--awb-padding-bottom:15px;--awb-padding-left:15px;--awb-bg-color:#f7f7f7;--awb-bg-color-hover:#f7f7f7;--awb-bg-size:cover;--awb-border-color:#eaeaea;--awb-border-top:1px;--awb-border-right:1px;--awb-border-bottom:1px;--awb-border-left:1px;--awb-border-style:solid;--awb-margin-bottom:60px;width:48%; margin-right: 4%;\" data-animationType=\"fadeInDown\" data-animationDuration=\"1\" data-animationOffset=\"top-into-view\"><div class=\"fusion-column-wrapper fusion-flex-column-wrapper-legacy\"><div class=\"fusion-image-element in-legacy-container\" style=\"--awb-caption-title-font-family:var(--h2_typography-font-family);--awb-caption-title-font-weight:var(--h2_typography-font-weight);--awb-caption-title-font-style:var(--h2_typography-font-style);--awb-caption-title-size:var(--h2_typography-font-size);--awb-caption-title-transform:var(--h2_typography-text-transform);--awb-caption-title-line-height:var(--h2_typography-line-height);--awb-caption-title-letter-spacing:var(--h2_typography-letter-spacing);\"><span class=\" fusion-imageframe imageframe-none imageframe-1 hover-type-none\"><img decoding=\"async\" width=\"1024\" height=\"768\" title=\"IMG_0045\" src=\"https:\/\/www.hoferarchitettura.ch\/wp-content\/uploads\/2023\/10\/IMG_0045-1024x768.jpeg\" alt class=\"img-responsive wp-image-512\" srcset=\"https:\/\/www.hoferarchitettura.ch\/wp-content\/uploads\/2023\/10\/IMG_0045-200x150.jpeg 200w, https:\/\/www.hoferarchitettura.ch\/wp-content\/uploads\/2023\/10\/IMG_0045-400x300.jpeg 400w, https:\/\/www.hoferarchitettura.ch\/wp-content\/uploads\/2023\/10\/IMG_0045-600x450.jpeg 600w, https:\/\/www.hoferarchitettura.ch\/wp-content\/uploads\/2023\/10\/IMG_0045-800x600.jpeg 800w, https:\/\/www.hoferarchitettura.ch\/wp-content\/uploads\/2023\/10\/IMG_0045-1200x900.jpeg 1200w\" sizes=\"(max-width: 800px) 100vw, 600px\" \/><\/span><\/div><div class=\"fusion-sep-clear\"><\/div><div class=\"fusion-separator fusion-full-width-sep\" style=\"margin-left: auto;margin-right: auto;margin-bottom:15px;width:100%;\"><\/div><div class=\"fusion-sep-clear\"><\/div><div class=\"fusion-title title fusion-title-1 fusion-sep-none fusion-title-text fusion-title-size-one\" style=\"--awb-margin-bottom:0px;--awb-margin-top-small:10px;--awb-margin-right-small:0px;--awb-margin-bottom-small:10px;--awb-margin-left-small:0px;--awb-sep-color:#e8e8e8;\"><h1 class=\"fusion-title-heading title-heading-left fusion-responsive-typography-calculated\" style=\"margin:0;--fontSize:30;line-height:1.2;\"><h1>Romantisches Rustico in Piodina<\/h1>\n<h3>Brissago<\/h3><\/h1><\/div><div class=\"fusion-text fusion-text-1\" style=\"--awb-text-transform:none;\"><h2 class=\"fusion-responsive-typography-calculated\" style=\"--fontsize: 24; line-height: 1.5; --minfontsize: 24;\" data-fontsize=\"24\" data-lineheight=\"36px\"><\/h2>\n<p>Dieses charmante Rustico befindet sich in einer sonnigen und ruhigen Lage, im Kern, bestehend aus anderen Rusticos und mehreren ersten H\u00e4usern, die harmonisch nebeneinander stehen. Es wurde 2015 mit viel Geschmack und Liebe zum Detail restauriert. Im Erdgeschoss befinden sich Einbauschr\u00e4nke, darunter eine Waschmaschine, eine gro\u00dfe Dusche und ein WC. Im ersten Stock befindet sich der Schlafbereich, im zweiten Stock die K\u00fcche mit einem bel\u00fcfteten Kamin, ein exklusiver und romantischer Dachboden, der als TV-Bereich dient, das Haus ist infrarotbeheizt. Auf dieser Ebene befindet sich ein Balkon mit Blick auf den Innenhof des Hauses, wo wir einen Steintisch finden, ideal, um Ihre Tage mit Freunden zu verbringen, zu plaudern und den Blick auf den See und die Berge zu bewundern. Der Au\u00dfenbereich ist zweifelsohne ein Mehrwert.<\/p>\n<h3 class=\"fusion-responsive-typography-calculated\" style=\"--fontsize: 24; line-height: 1.5; --minfontsize: 24;\" data-fontsize=\"24\" data-lineheight=\"36px\">CHF 460\u2019000.\u2013<\/h3>\n<\/div><div class=\"fusion-button-wrapper fusion-align-block\"><a class=\"fusion-button button-flat button-xlarge button-custom fusion-button-default button-1 fusion-button-span-yes fusion-animated\" style=\"--button_accent_color:#ffffff;--button_border_color:#ffffff;--button_accent_hover_color:#ffffff;--button_border_hover_color:#ffffff;--button_gradient_top_color:#b5d49b;--button_gradient_bottom_color:#b5d49b;--button_gradient_top_color_hover:#98d365;--button_gradient_bottom_color_hover:#98d365;\" data-animationType=\"fadeInLeft\" data-animationDuration=\"1\" data-animationOffset=\"top-into-view\" target=\"_blank\" rel=\"noopener noreferrer\" title=\"scheda pdf\" aria-label=\"scheda pdf\" href=\"https:\/\/www.hoferarchitettura.ch\/wp-content\/uploads\/2024\/09\/Rustico-Jasmin.pdf\"><i class=\"fa-file-alt fas awb-button__icon awb-button__icon--default button-icon-left\" aria-hidden=\"true\"><\/i><span class=\"fusion-button-text awb-button__text awb-button__text--default\">Datenblatt (PDF)<\/span><\/a><\/div><div class=\"fusion-sep-clear\"><\/div><div class=\"fusion-separator fusion-full-width-sep\" style=\"margin-left: auto;margin-right: auto;margin-bottom:15px;width:100%;\"><\/div><div class=\"fusion-sep-clear\"><\/div><div class=\"fusion-clearfix\"><\/div><\/div><\/div><div class=\"fusion-layout-column fusion_builder_column fusion-builder-column-1 fusion_builder_column_1_2 1_2 fusion-one-half fusion-column-last fusion-animated\" style=\"--awb-padding-top:15px;--awb-padding-right:15px;--awb-padding-bottom:15px;--awb-padding-left:15px;--awb-bg-color:#f7f7f7;--awb-bg-color-hover:#f7f7f7;--awb-bg-size:cover;--awb-border-color:#eaeaea;--awb-border-top:1px;--awb-border-right:1px;--awb-border-bottom:1px;--awb-border-left:1px;--awb-border-style:solid;--awb-margin-bottom:60px;width:48%;\" data-animationType=\"fadeInDown\" data-animationDuration=\"1\" data-animationOffset=\"top-into-view\"><div class=\"fusion-column-wrapper fusion-flex-column-wrapper-legacy\"><div class=\"fusion-image-element in-legacy-container\" style=\"--awb-caption-title-font-family:var(--h2_typography-font-family);--awb-caption-title-font-weight:var(--h2_typography-font-weight);--awb-caption-title-font-style:var(--h2_typography-font-style);--awb-caption-title-size:var(--h2_typography-font-size);--awb-caption-title-transform:var(--h2_typography-text-transform);--awb-caption-title-line-height:var(--h2_typography-line-height);--awb-caption-title-letter-spacing:var(--h2_typography-letter-spacing);\"><span class=\" fusion-imageframe imageframe-none imageframe-2 hover-type-none\"><img decoding=\"async\" width=\"960\" height=\"540\" title=\"IMG_5122 MOD\" src=\"https:\/\/www.hoferarchitettura.ch\/wp-content\/uploads\/2025\/09\/IMG_5122-MOD.jpg\" alt class=\"img-responsive wp-image-608\" srcset=\"https:\/\/www.hoferarchitettura.ch\/wp-content\/uploads\/2025\/09\/IMG_5122-MOD-200x113.jpg 200w, https:\/\/www.hoferarchitettura.ch\/wp-content\/uploads\/2025\/09\/IMG_5122-MOD-400x225.jpg 400w, https:\/\/www.hoferarchitettura.ch\/wp-content\/uploads\/2025\/09\/IMG_5122-MOD-600x338.jpg 600w, https:\/\/www.hoferarchitettura.ch\/wp-content\/uploads\/2025\/09\/IMG_5122-MOD-800x450.jpg 800w, https:\/\/www.hoferarchitettura.ch\/wp-content\/uploads\/2025\/09\/IMG_5122-MOD.jpg 960w\" sizes=\"(max-width: 800px) 100vw, 600px\" \/><\/span><\/div><div class=\"fusion-sep-clear\"><\/div><div class=\"fusion-separator fusion-full-width-sep\" style=\"margin-left: auto;margin-right: auto;margin-bottom:15px;width:100%;\"><\/div><div class=\"fusion-sep-clear\"><\/div><div class=\"fusion-title title fusion-title-2 fusion-sep-none fusion-title-text fusion-title-size-one\" style=\"--awb-margin-bottom:0px;--awb-margin-top-small:10px;--awb-margin-right-small:0px;--awb-margin-bottom-small:10px;--awb-margin-left-small:0px;--awb-sep-color:#e8e8e8;\"><h1 class=\"fusion-title-heading title-heading-left fusion-responsive-typography-calculated\" style=\"margin:0;--fontSize:30;line-height:1.2;\"><h1>Doppelhaus mit Rustico<\/h1>\n<h3>Brissago<\/h3><\/h1><\/div><div class=\"fusion-text fusion-text-2\"><h2 class=\"fusion-responsive-typography-calculated\" style=\"--fontsize: 24; line-height: 1.5; --minfontsize: 24;\" data-fontsize=\"24\" data-lineheight=\"36px\"><\/h2>\n<p>Nur wenige Meter zu Fu\u00df von der Bushaltestelle und dem Lido ist diese Doppelhaush\u00e4lfte mit rustikalem. Sonnige und ruhige Lage. Das Hauptgeb\u00e4ude besteht aus einer 5\u00bd-Zimmer-Wohnung auf zwei Etagen und einer 2\u00bd-Zimmer-Wohnung, renoviert im Jahr 2004, mit Spulen und W\u00e4rmepumpe. Au\u00dferdem gibt es ein zu renovierendes Rustico. Die Geb\u00e4ude haben <strong>547 m\u00b2 Bauland in einer Intensivzone (I.S. 1.5)!<\/strong><\/p>\n<h3 class=\"fusion-responsive-typography-calculated\" style=\"--fontsize: 24; line-height: 1.5; --minfontsize: 24;\" data-fontsize=\"24\" data-lineheight=\"36px\">CHF 2&#8217;200\u2019000.\u2013<\/h3>\n<\/div><div class=\"fusion-button-wrapper fusion-align-block\"><a class=\"fusion-button button-flat button-xlarge button-custom fusion-button-default button-2 fusion-button-span-yes fusion-animated\" style=\"--button_accent_color:#ffffff;--button_border_color:#ffffff;--button_accent_hover_color:#ffffff;--button_border_hover_color:#ffffff;--button_gradient_top_color:#b5d49b;--button_gradient_bottom_color:#b5d49b;--button_gradient_top_color_hover:#98d365;--button_gradient_bottom_color_hover:#98d365;\" data-animationType=\"fadeInLeft\" data-animationDuration=\"1\" data-animationOffset=\"top-into-view\" target=\"_blank\" rel=\"noopener noreferrer\" title=\"scheda pdf\" aria-label=\"scheda pdf\" href=\"https:\/\/www.hoferarchitettura.ch\/wp-content\/uploads\/2025\/09\/Doc-Bifamiliare.pdf\"><i class=\"fa-file-alt fas awb-button__icon awb-button__icon--default button-icon-left\" aria-hidden=\"true\"><\/i><span class=\"fusion-button-text awb-button__text awb-button__text--default\">Datenblatt (PDF)<\/span><\/a><\/div><div class=\"fusion-sep-clear\"><\/div><div class=\"fusion-separator fusion-full-width-sep\" style=\"margin-left: auto;margin-right: auto;margin-bottom:15px;width:100%;\"><\/div><div class=\"fusion-sep-clear\"><\/div><div class=\"fusion-clearfix\"><\/div><\/div><\/div><div class=\"fusion-layout-column fusion_builder_column fusion-builder-column-2 fusion_builder_column_1_2 1_2 fusion-one-half fusion-column-first fusion-animated\" style=\"--awb-padding-top:15px;--awb-padding-right:15px;--awb-padding-bottom:15px;--awb-padding-left:15px;--awb-bg-color:#f7f7f7;--awb-bg-color-hover:#f7f7f7;--awb-bg-size:cover;--awb-border-color:#eaeaea;--awb-border-top:1px;--awb-border-right:1px;--awb-border-bottom:1px;--awb-border-left:1px;--awb-border-style:solid;--awb-margin-bottom:60px;width:48%; margin-right: 4%;\" data-animationType=\"fadeInDown\" data-animationDuration=\"1\" data-animationOffset=\"top-into-view\"><div class=\"fusion-column-wrapper fusion-flex-column-wrapper-legacy\"><div class=\"fusion-image-element in-legacy-container\" style=\"--awb-caption-title-font-family:var(--h2_typography-font-family);--awb-caption-title-font-weight:var(--h2_typography-font-weight);--awb-caption-title-font-style:var(--h2_typography-font-style);--awb-caption-title-size:var(--h2_typography-font-size);--awb-caption-title-transform:var(--h2_typography-text-transform);--awb-caption-title-line-height:var(--h2_typography-line-height);--awb-caption-title-letter-spacing:var(--h2_typography-letter-spacing);\"><span class=\" fusion-imageframe imageframe-none imageframe-3 hover-type-none\"><img decoding=\"async\" width=\"768\" height=\"1024\" title=\"1\" src=\"https:\/\/www.hoferarchitettura.ch\/wp-content\/uploads\/2023\/10\/1-768x1024.jpg\" alt class=\"img-responsive wp-image-517\" srcset=\"https:\/\/www.hoferarchitettura.ch\/wp-content\/uploads\/2023\/10\/1-200x267.jpg 200w, https:\/\/www.hoferarchitettura.ch\/wp-content\/uploads\/2023\/10\/1-400x533.jpg 400w, https:\/\/www.hoferarchitettura.ch\/wp-content\/uploads\/2023\/10\/1-600x800.jpg 600w, https:\/\/www.hoferarchitettura.ch\/wp-content\/uploads\/2023\/10\/1-800x1067.jpg 800w, https:\/\/www.hoferarchitettura.ch\/wp-content\/uploads\/2023\/10\/1.jpg 1200w\" sizes=\"(max-width: 800px) 100vw, 600px\" \/><\/span><\/div><div class=\"fusion-sep-clear\"><\/div><div class=\"fusion-separator fusion-full-width-sep\" style=\"margin-left: auto;margin-right: auto;margin-bottom:15px;width:100%;\"><\/div><div class=\"fusion-sep-clear\"><\/div><div class=\"fusion-title title fusion-title-3 fusion-sep-none fusion-title-text fusion-title-size-one\" style=\"--awb-margin-bottom:0px;--awb-margin-top-small:10px;--awb-margin-right-small:0px;--awb-margin-bottom-small:10px;--awb-margin-left-small:0px;--awb-sep-color:#e8e8e8;\"><h1 class=\"fusion-title-heading title-heading-left fusion-responsive-typography-calculated\" style=\"margin:0;--fontSize:30;line-height:1.2;\"><h1>Bauland mit Ausblick<\/h1>\n<h3>Brissago<\/h3><\/h1><\/div><div class=\"fusion-text fusion-text-3\" style=\"--awb-text-transform:none;\"><h2 class=\"fusion-responsive-typography-calculated\" style=\"--fontsize: 24; line-height: 1.5; --minfontsize: 24;\" data-fontsize=\"24\" data-lineheight=\"36px\"><\/h2>\n<p>Dieses Baugrundst\u00fcck, das von morgens bis abends von der Sonne gek\u00fcsst wird, befindet sich in der sch\u00f6nen Gemeinde Brissago, in einer h\u00fcgeligen Gegend, umgeben von Gr\u00fcn, aber gleichzeitig angrenzend an das Zentrum von Porta. Es genie\u00dft einen sch\u00f6nen Blick auf den See, seine Fl\u00e4che betr\u00e4gt 413 qm. Nur 1 km von Gesch\u00e4ften und \u00f6ffentlichen Verkehrsmitteln entfernt.<\/p>\n<h3 class=\"fusion-responsive-typography-calculated\" style=\"--fontsize: 24; line-height: 1.5; --minfontsize: 24;\" data-fontsize=\"24\" data-lineheight=\"36px\">CHF 200\u2019000.\u2013<\/h3>\n<\/div><div class=\"fusion-button-wrapper fusion-align-block\"><a class=\"fusion-button button-flat button-xlarge button-custom fusion-button-default button-3 fusion-button-span-yes fusion-animated\" style=\"--button_accent_color:#ffffff;--button_border_color:#ffffff;--button_accent_hover_color:#ffffff;--button_border_hover_color:#ffffff;--button_gradient_top_color:#b5d49b;--button_gradient_bottom_color:#b5d49b;--button_gradient_top_color_hover:#98d365;--button_gradient_bottom_color_hover:#98d365;\" data-animationType=\"fadeInLeft\" data-animationDuration=\"1\" data-animationOffset=\"top-into-view\" target=\"_blank\" rel=\"noopener noreferrer\" title=\"scheda pdf\" aria-label=\"scheda pdf\" href=\"https:\/\/www.hoferarchitettura.ch\/wp-content\/uploads\/2023\/10\/Doc-Heilmann.pdf\"><i class=\"fa-file-alt fas awb-button__icon awb-button__icon--default button-icon-left\" aria-hidden=\"true\"><\/i><span class=\"fusion-button-text awb-button__text awb-button__text--default\">Datenblatt (PDF)<\/span><\/a><\/div><div class=\"fusion-sep-clear\"><\/div><div class=\"fusion-separator fusion-full-width-sep\" style=\"margin-left: auto;margin-right: auto;margin-bottom:15px;width:100%;\"><\/div><div class=\"fusion-sep-clear\"><\/div><div class=\"fusion-clearfix\"><\/div><\/div><\/div><div class=\"fusion-layout-column fusion_builder_column fusion-builder-column-3 fusion_builder_column_1_2 1_2 fusion-one-half fusion-column-last fusion-animated\" style=\"--awb-padding-top:15px;--awb-padding-right:15px;--awb-padding-bottom:15px;--awb-padding-left:15px;--awb-bg-color:#f7f7f7;--awb-bg-color-hover:#f7f7f7;--awb-bg-size:cover;--awb-border-color:#eaeaea;--awb-border-top:1px;--awb-border-right:1px;--awb-border-bottom:1px;--awb-border-left:1px;--awb-border-style:solid;--awb-margin-bottom:60px;width:48%;\" data-animationType=\"fadeInDown\" data-animationDuration=\"1\" data-animationOffset=\"top-into-view\"><div class=\"fusion-column-wrapper fusion-flex-column-wrapper-legacy\"><div class=\"fusion-image-element in-legacy-container\" style=\"--awb-caption-title-font-family:var(--h2_typography-font-family);--awb-caption-title-font-weight:var(--h2_typography-font-weight);--awb-caption-title-font-style:var(--h2_typography-font-style);--awb-caption-title-size:var(--h2_typography-font-size);--awb-caption-title-transform:var(--h2_typography-text-transform);--awb-caption-title-line-height:var(--h2_typography-line-height);--awb-caption-title-letter-spacing:var(--h2_typography-letter-spacing);\"><span class=\" fusion-imageframe imageframe-none imageframe-4 hover-type-none\"><img decoding=\"async\" width=\"1024\" height=\"760\" title=\"rustico\" src=\"https:\/\/www.hoferarchitettura.ch\/wp-content\/uploads\/2016\/05\/rustico-2-1024x760.jpg\" alt class=\"img-responsive wp-image-129\" srcset=\"https:\/\/www.hoferarchitettura.ch\/wp-content\/uploads\/2016\/05\/rustico-2-200x148.jpg 200w, https:\/\/www.hoferarchitettura.ch\/wp-content\/uploads\/2016\/05\/rustico-2-400x297.jpg 400w, https:\/\/www.hoferarchitettura.ch\/wp-content\/uploads\/2016\/05\/rustico-2-600x445.jpg 600w, https:\/\/www.hoferarchitettura.ch\/wp-content\/uploads\/2016\/05\/rustico-2-800x594.jpg 800w, https:\/\/www.hoferarchitettura.ch\/wp-content\/uploads\/2016\/05\/rustico-2-1200x890.jpg 1200w, https:\/\/www.hoferarchitettura.ch\/wp-content\/uploads\/2016\/05\/rustico-2.jpg 1263w\" sizes=\"(max-width: 800px) 100vw, 600px\" \/><\/span><\/div><div class=\"fusion-sep-clear\"><\/div><div class=\"fusion-separator fusion-full-width-sep\" style=\"margin-left: auto;margin-right: auto;margin-bottom:15px;width:100%;\"><\/div><div class=\"fusion-sep-clear\"><\/div><div class=\"fusion-title title fusion-title-4 fusion-sep-none fusion-title-text fusion-title-size-one\" style=\"--awb-margin-bottom:0px;--awb-margin-top-small:10px;--awb-margin-right-small:0px;--awb-margin-bottom-small:10px;--awb-margin-left-small:0px;--awb-sep-color:#e8e8e8;\"><h1 class=\"fusion-title-heading title-heading-left fusion-responsive-typography-calculated\" style=\"margin:0;--fontSize:30;line-height:1.2;\"><h1>Rustico<\/h1>\n<h3>Brissago<\/h3><\/h1><\/div><div class=\"fusion-text fusion-text-4\"><h2 class=\"fusion-responsive-typography-calculated\" style=\"--fontsize: 24; line-height: 1.5; --minfontsize: 24;\" data-fontsize=\"24\" data-lineheight=\"36px\"><\/h2>\n<p>In einer sehr ruhigen und sonnigen Gegend mit einer sch\u00f6nen Aussicht. Das Rustico ist in gutem Zustand und hat eine besondere Architektur, die es einzigartig macht. Es besteht die M\u00f6glichkeit, die Heizung auf Gas oder \u00d6l umzustellen.<\/p>\n<h3 class=\"fusion-responsive-typography-calculated\" style=\"--fontsize: 24; line-height: 1.5; --minfontsize: 24;\" data-fontsize=\"24\" data-lineheight=\"36px\">CHF 495\u2019000.\u2013<\/h3>\n<\/div><div class=\"fusion-button-wrapper fusion-align-block\"><a class=\"fusion-button button-flat button-xlarge button-custom fusion-button-default button-4 fusion-button-span-yes fusion-animated\" style=\"--button_accent_color:#ffffff;--button_border_color:#ffffff;--button_accent_hover_color:#ffffff;--button_border_hover_color:#ffffff;--button_gradient_top_color:#b5d49b;--button_gradient_bottom_color:#b5d49b;--button_gradient_top_color_hover:#98d365;--button_gradient_bottom_color_hover:#98d365;\" data-animationType=\"fadeInLeft\" data-animationDuration=\"1\" data-animationOffset=\"top-into-view\" target=\"_blank\" rel=\"noopener noreferrer\" title=\"scheda pdf\" aria-label=\"scheda pdf\" href=\"https:\/\/www.hoferarchitettura.ch\/wp-content\/uploads\/2023\/09\/Rustico-Rossi.pdf\"><i class=\"fa-file-alt fas awb-button__icon awb-button__icon--default button-icon-left\" aria-hidden=\"true\"><\/i><span class=\"fusion-button-text awb-button__text awb-button__text--default\">Datenblatt (PDF)<\/span><\/a><\/div><div class=\"fusion-sep-clear\"><\/div><div class=\"fusion-separator fusion-full-width-sep\" style=\"margin-left: auto;margin-right: auto;margin-bottom:15px;width:100%;\"><\/div><div class=\"fusion-sep-clear\"><\/div><div class=\"fusion-clearfix\"><\/div><\/div><\/div><div class=\"fusion-layout-column fusion_builder_column fusion-builder-column-4 fusion_builder_column_1_2 1_2 fusion-one-half fusion-column-first fusion-animated\" style=\"--awb-padding-top:15px;--awb-padding-right:15px;--awb-padding-bottom:15px;--awb-padding-left:15px;--awb-bg-color:#f7f7f7;--awb-bg-color-hover:#f7f7f7;--awb-bg-size:cover;--awb-border-color:#eaeaea;--awb-border-top:1px;--awb-border-right:1px;--awb-border-bottom:1px;--awb-border-left:1px;--awb-border-style:solid;--awb-margin-bottom:60px;width:48%; margin-right: 4%;\" data-animationType=\"fadeInDown\" data-animationDuration=\"1\" data-animationOffset=\"top-into-view\"><div class=\"fusion-column-wrapper fusion-flex-column-wrapper-legacy\"><div class=\"fusion-image-element in-legacy-container\" style=\"--awb-caption-title-font-family:var(--h2_typography-font-family);--awb-caption-title-font-weight:var(--h2_typography-font-weight);--awb-caption-title-font-style:var(--h2_typography-font-style);--awb-caption-title-size:var(--h2_typography-font-size);--awb-caption-title-transform:var(--h2_typography-text-transform);--awb-caption-title-line-height:var(--h2_typography-line-height);--awb-caption-title-letter-spacing:var(--h2_typography-letter-spacing);\"><span class=\" fusion-imageframe imageframe-none imageframe-5 hover-type-none\"><img decoding=\"async\" width=\"1024\" height=\"576\" title=\"IMG_9228\" src=\"https:\/\/www.hoferarchitettura.ch\/wp-content\/uploads\/2021\/09\/IMG_9228-1024x576.jpeg\" alt class=\"img-responsive wp-image-376\" srcset=\"https:\/\/www.hoferarchitettura.ch\/wp-content\/uploads\/2021\/09\/IMG_9228-200x112.jpeg 200w, https:\/\/www.hoferarchitettura.ch\/wp-content\/uploads\/2021\/09\/IMG_9228-400x225.jpeg 400w, https:\/\/www.hoferarchitettura.ch\/wp-content\/uploads\/2021\/09\/IMG_9228-600x337.jpeg 600w, https:\/\/www.hoferarchitettura.ch\/wp-content\/uploads\/2021\/09\/IMG_9228-800x450.jpeg 800w, https:\/\/www.hoferarchitettura.ch\/wp-content\/uploads\/2021\/09\/IMG_9228-1200x675.jpeg 1200w\" sizes=\"(max-width: 800px) 100vw, 600px\" \/><\/span><\/div><div class=\"fusion-sep-clear\"><\/div><div class=\"fusion-separator fusion-full-width-sep\" style=\"margin-left: auto;margin-right: auto;margin-bottom:15px;width:100%;\"><\/div><div class=\"fusion-sep-clear\"><\/div><div class=\"fusion-title title fusion-title-5 fusion-sep-none fusion-title-text fusion-title-size-one\" style=\"--awb-margin-bottom:0px;--awb-margin-top-small:10px;--awb-margin-right-small:0px;--awb-margin-bottom-small:10px;--awb-margin-left-small:0px;--awb-sep-color:#e8e8e8;\"><h1 class=\"fusion-title-heading title-heading-left fusion-responsive-typography-calculated\" style=\"margin:0;--fontSize:30;line-height:1.2;\"><h1>3\u00bd-Zimmer-Wohnung<\/h1>\n<h3>Brissago<\/h3><\/h1><\/div><div class=\"fusion-text fusion-text-5\" style=\"--awb-text-transform:none;\"><h2><\/h2>\n<p>In einem Wohngebiet in der N\u00e4he des Zentrums von Brissago, mit der M\u00f6glichkeit zu Spazierg\u00e4ngen entlang der Seepromenade mit unverbaubarem <strong>See- und Bergblick<\/strong>, mittlerer Ausbaustandard, mit Kellerraum und Garagenplatz.<\/p>\n<h3>CHF 640\u2019000.\u2013<\/h3>\n<\/div><div class=\"fusion-button-wrapper fusion-align-block\"><a class=\"fusion-button button-flat button-xlarge button-custom fusion-button-default button-5 fusion-button-span-yes fusion-button-default-type\" style=\"--button_accent_color:#ffffff;--button_border_color:#ffffff;--button_accent_hover_color:#ffffff;--button_border_hover_color:#ffffff;--button_gradient_top_color:#b5d49b;--button_gradient_bottom_color:#b5d49b;--button_gradient_top_color_hover:#98d365;--button_gradient_bottom_color_hover:#98d365;\" target=\"_blank\" rel=\"noopener noreferrer\" title=\"Datenblatt (PDF)\" aria-label=\"Datenblatt (PDF)\" href=\"https:\/\/www.hoferarchitettura.ch\/wp-content\/uploads\/2021\/09\/Doc-Palazzo-Daniela.pdf\"><i class=\"fa-file-alt fas awb-button__icon awb-button__icon--default button-icon-left\" aria-hidden=\"true\"><\/i><span class=\"fusion-button-text awb-button__text awb-button__text--default\">Scheda (PDF)<\/span><\/a><\/div><div class=\"fusion-sep-clear\"><\/div><div class=\"fusion-separator fusion-full-width-sep\" style=\"margin-left: auto;margin-right: auto;margin-bottom:15px;width:100%;\"><\/div><div class=\"fusion-sep-clear\"><\/div><div class=\"fusion-clearfix\"><\/div><\/div><\/div><div class=\"fusion-layout-column fusion_builder_column fusion-builder-column-5 fusion_builder_column_1_2 1_2 fusion-one-half fusion-column-last fusion-animated\" style=\"--awb-padding-top:15px;--awb-padding-right:15px;--awb-padding-bottom:15px;--awb-padding-left:15px;--awb-bg-color:#f7f7f7;--awb-bg-color-hover:#f7f7f7;--awb-bg-size:cover;--awb-border-color:#eaeaea;--awb-border-top:1px;--awb-border-right:1px;--awb-border-bottom:1px;--awb-border-left:1px;--awb-border-style:solid;--awb-margin-bottom:60px;width:48%;\" data-animationType=\"fadeInDown\" data-animationDuration=\"1\" data-animationOffset=\"top-into-view\"><div class=\"fusion-column-wrapper fusion-flex-column-wrapper-legacy\"><div class=\"fusion-image-element in-legacy-container\" style=\"--awb-caption-title-font-family:var(--h2_typography-font-family);--awb-caption-title-font-weight:var(--h2_typography-font-weight);--awb-caption-title-font-style:var(--h2_typography-font-style);--awb-caption-title-size:var(--h2_typography-font-size);--awb-caption-title-transform:var(--h2_typography-text-transform);--awb-caption-title-line-height:var(--h2_typography-line-height);--awb-caption-title-letter-spacing:var(--h2_typography-letter-spacing);\"><span class=\" fusion-imageframe imageframe-none imageframe-6 hover-type-none\"><img decoding=\"async\" width=\"1024\" height=\"683\" title=\"DSC_0053\" src=\"https:\/\/www.hoferarchitettura.ch\/wp-content\/uploads\/2020\/08\/DSC_0053-1024x683.jpg\" alt class=\"img-responsive wp-image-303\" srcset=\"https:\/\/www.hoferarchitettura.ch\/wp-content\/uploads\/2020\/08\/DSC_0053-200x133.jpg 200w, https:\/\/www.hoferarchitettura.ch\/wp-content\/uploads\/2020\/08\/DSC_0053-400x267.jpg 400w, https:\/\/www.hoferarchitettura.ch\/wp-content\/uploads\/2020\/08\/DSC_0053-600x400.jpg 600w, https:\/\/www.hoferarchitettura.ch\/wp-content\/uploads\/2020\/08\/DSC_0053-800x533.jpg 800w, https:\/\/www.hoferarchitettura.ch\/wp-content\/uploads\/2020\/08\/DSC_0053-1200x800.jpg 1200w\" sizes=\"(max-width: 800px) 100vw, 600px\" \/><\/span><\/div><div class=\"fusion-sep-clear\"><\/div><div class=\"fusion-separator fusion-full-width-sep\" style=\"margin-left: auto;margin-right: auto;margin-bottom:15px;width:100%;\"><\/div><div class=\"fusion-sep-clear\"><\/div><div class=\"fusion-title title fusion-title-6 fusion-sep-none fusion-title-text fusion-title-size-one\" style=\"--awb-margin-bottom:0px;--awb-margin-top-small:10px;--awb-margin-right-small:0px;--awb-margin-bottom-small:10px;--awb-margin-left-small:0px;--awb-sep-color:#eaeaea;\"><h1 class=\"fusion-title-heading title-heading-left fusion-responsive-typography-calculated\" style=\"margin:0;--fontSize:30;line-height:1.2;\"><h1>3\u00bd-Zimmer-Wohnung<\/h1>\n<h3>Brissago<\/h3><\/h1><\/div><div class=\"fusion-text fusion-text-6\"><p>In einer Wohngegend in der N\u00e4he des Lido di Brissago, mit der M\u00f6glichkeit einer Seepromenade mit Blick auf den See und die Berge, Standardausf\u00fchrungen, neue K\u00fcche, mit Keller und Garagenplatz.<\/p>\n<h3 class=\"fusion-responsive-typography-calculated\" style=\"--fontsize: 24; line-height: 1.5; --minfontsize: 24;\" data-fontsize=\"24\" data-lineheight=\"36px\">CHF 410&#8217;000.\u2013<\/h3>\n<\/div><div class=\"fusion-sep-clear\"><\/div><div class=\"fusion-separator fusion-full-width-sep\" style=\"margin-left: auto;margin-right: auto;margin-bottom:15px;width:100%;\"><\/div><div class=\"fusion-sep-clear\"><\/div><div class=\"fusion-button-wrapper fusion-align-block\"><a class=\"fusion-button button-flat button-xlarge button-custom fusion-button-default button-6 fusion-button-span-yes \" style=\"--button_accent_color:#ffffff;--button_border_color:#ffffff;--button_accent_hover_color:#ffffff;--button_border_hover_color:#ffffff;--button_gradient_top_color:#b5d49b;--button_gradient_bottom_color:#b5d49b;--button_gradient_top_color_hover:#98d365;--button_gradient_bottom_color_hover:#98d365;\" target=\"_blank\" rel=\"noopener noreferrer\" title=\"scheda pdf\" aria-label=\"scheda pdf\" href=\"https:\/\/www.hoferarchitettura.ch\/wp-content\/uploads\/2020\/08\/Doc-3-1-2.pdf\"><i class=\"fa-file-alt fas awb-button__icon awb-button__icon--default button-icon-left\" aria-hidden=\"true\"><\/i><span class=\"fusion-button-text awb-button__text awb-button__text--default\">Datenblatt (PDF)<\/span><\/a><\/div><div class=\"fusion-clearfix\"><\/div><\/div><\/div><div class=\"fusion-layout-column fusion_builder_column fusion-builder-column-6 fusion_builder_column_1_2 1_2 fusion-one-half fusion-column-first fusion-animated\" style=\"--awb-padding-top:15px;--awb-padding-right:15px;--awb-padding-bottom:15px;--awb-padding-left:15px;--awb-bg-color:#f7f7f7;--awb-bg-color-hover:#f7f7f7;--awb-bg-size:cover;--awb-border-color:#eaeaea;--awb-border-top:1px;--awb-border-right:1px;--awb-border-bottom:1px;--awb-border-left:1px;--awb-border-style:solid;--awb-margin-bottom:60px;width:48%; margin-right: 4%;\" data-animationType=\"fadeInDown\" data-animationDuration=\"1\" data-animationOffset=\"top-into-view\"><div class=\"fusion-column-wrapper fusion-flex-column-wrapper-legacy\"><div class=\"fusion-image-element in-legacy-container\" style=\"--awb-caption-title-font-family:var(--h2_typography-font-family);--awb-caption-title-font-weight:var(--h2_typography-font-weight);--awb-caption-title-font-style:var(--h2_typography-font-style);--awb-caption-title-size:var(--h2_typography-font-size);--awb-caption-title-transform:var(--h2_typography-text-transform);--awb-caption-title-line-height:var(--h2_typography-line-height);--awb-caption-title-letter-spacing:var(--h2_typography-letter-spacing);\"><span class=\" fusion-imageframe imageframe-none imageframe-7 hover-type-none\"><img decoding=\"async\" width=\"1024\" height=\"683\" title=\"DSC_0034\" src=\"https:\/\/www.hoferarchitettura.ch\/wp-content\/uploads\/2020\/08\/DSC_0034-1024x683.jpg\" alt class=\"img-responsive wp-image-307\" srcset=\"https:\/\/www.hoferarchitettura.ch\/wp-content\/uploads\/2020\/08\/DSC_0034-200x133.jpg 200w, https:\/\/www.hoferarchitettura.ch\/wp-content\/uploads\/2020\/08\/DSC_0034-400x267.jpg 400w, https:\/\/www.hoferarchitettura.ch\/wp-content\/uploads\/2020\/08\/DSC_0034-600x400.jpg 600w, https:\/\/www.hoferarchitettura.ch\/wp-content\/uploads\/2020\/08\/DSC_0034-800x533.jpg 800w, https:\/\/www.hoferarchitettura.ch\/wp-content\/uploads\/2020\/08\/DSC_0034-1200x800.jpg 1200w\" sizes=\"(max-width: 800px) 100vw, 600px\" \/><\/span><\/div><div class=\"fusion-sep-clear\"><\/div><div class=\"fusion-separator fusion-full-width-sep\" style=\"margin-left: auto;margin-right: auto;margin-bottom:15px;width:100%;\"><\/div><div class=\"fusion-sep-clear\"><\/div><div class=\"fusion-title title fusion-title-7 fusion-sep-none fusion-title-text fusion-title-size-one\" style=\"--awb-margin-bottom:0px;--awb-margin-top-small:10px;--awb-margin-right-small:0px;--awb-margin-bottom-small:10px;--awb-margin-left-small:0px;--awb-sep-color:#eaeaea;\"><h1 class=\"fusion-title-heading title-heading-left fusion-responsive-typography-calculated\" style=\"margin:0;--fontSize:30;line-height:1.2;\"><h1>Bauland mit Aussicht<\/h1>\n<h3>Locarno\/Solduno<\/h3><\/h1><\/div><div class=\"fusion-text fusion-text-7\"><p>Unbebautes Grundst\u00fcck in Hanglage, bestehend aus 3 Parzellen, in einer ruhigen und sehr sonnigen Wohngegend gelegen, mit der M\u00f6glichkeit zu Spazierg\u00e4ngen entlang des Maggia-Flusses mit unverbaubarem Blick auf den See und die Berge, einschlie\u00dflich eines Waldgebietes und eines Baches mit Quelle, ohne Stra\u00dfenzugang, aber zu Fu\u00df erreichbar mit einem Wegerecht auf den darunter liegenden Parzellen oder mit einem gemeinschaftlichen Weg, um einen direkten Stra\u00dfenzugang zu erhalten, besteht die M\u00f6glichkeit, mit den Eigent\u00fcmern der darunter liegenden Parzelle Nr. 3904 zu verhandeln.<\/p>\n<h3 class=\"fusion-responsive-typography-calculated\" style=\"--fontsize: 24; line-height: 1.5; --minfontsize: 24;\" data-fontsize=\"24\" data-lineheight=\"36px\">CHF 1&#8217;000&#8217;000.\u2013<\/h3>\n<\/div><div class=\"fusion-sep-clear\"><\/div><div class=\"fusion-separator fusion-full-width-sep\" style=\"margin-left: auto;margin-right: auto;margin-bottom:15px;width:100%;\"><\/div><div class=\"fusion-sep-clear\"><\/div><div class=\"fusion-button-wrapper fusion-align-block\"><a class=\"fusion-button button-flat button-xlarge button-custom fusion-button-default button-7 fusion-button-span-yes \" style=\"--button_accent_color:#ffffff;--button_border_color:#ffffff;--button_accent_hover_color:#ffffff;--button_border_hover_color:#ffffff;--button_gradient_top_color:#b5d49b;--button_gradient_bottom_color:#b5d49b;--button_gradient_top_color_hover:#98d365;--button_gradient_bottom_color_hover:#98d365;\" target=\"_blank\" rel=\"noopener noreferrer\" title=\"scheda pdf\" aria-label=\"scheda pdf\" href=\"https:\/\/www.hoferarchitettura.ch\/wp-content\/uploads\/2020\/08\/Solduno-Terreno.pdf\"><i class=\"fa-file-alt fas awb-button__icon awb-button__icon--default button-icon-left\" aria-hidden=\"true\"><\/i><span class=\"fusion-button-text awb-button__text awb-button__text--default\">Datenblatt (PDF)<\/span><\/a><\/div><div class=\"fusion-clearfix\"><\/div><\/div><\/div><div class=\"fusion-layout-column fusion_builder_column fusion-builder-column-7 fusion_builder_column_1_2 1_2 fusion-one-half fusion-column-last fusion-animated\" style=\"--awb-padding-top:15px;--awb-padding-right:15px;--awb-padding-bottom:15px;--awb-padding-left:15px;--awb-bg-color:#f7f7f7;--awb-bg-color-hover:#f7f7f7;--awb-bg-size:cover;--awb-border-color:#eaeaea;--awb-border-top:1px;--awb-border-right:1px;--awb-border-bottom:1px;--awb-border-left:1px;--awb-border-style:solid;--awb-margin-bottom:60px;width:48%;\" data-animationType=\"fadeInDown\" data-animationDuration=\"1\" data-animationOffset=\"top-into-view\"><div class=\"fusion-column-wrapper fusion-flex-column-wrapper-legacy\"><div class=\"fusion-image-element in-legacy-container\" style=\"--awb-caption-title-font-family:var(--h2_typography-font-family);--awb-caption-title-font-weight:var(--h2_typography-font-weight);--awb-caption-title-font-style:var(--h2_typography-font-style);--awb-caption-title-size:var(--h2_typography-font-size);--awb-caption-title-transform:var(--h2_typography-text-transform);--awb-caption-title-line-height:var(--h2_typography-line-height);--awb-caption-title-letter-spacing:var(--h2_typography-letter-spacing);\"><span class=\" fusion-imageframe imageframe-none imageframe-8 hover-type-none\"><img decoding=\"async\" width=\"1024\" height=\"768\" title=\"IMG_4816\" src=\"https:\/\/www.hoferarchitettura.ch\/wp-content\/uploads\/2020\/09\/IMG_4816-1024x768.jpg\" alt class=\"img-responsive wp-image-319\" srcset=\"https:\/\/www.hoferarchitettura.ch\/wp-content\/uploads\/2020\/09\/IMG_4816-200x150.jpg 200w, https:\/\/www.hoferarchitettura.ch\/wp-content\/uploads\/2020\/09\/IMG_4816-400x300.jpg 400w, https:\/\/www.hoferarchitettura.ch\/wp-content\/uploads\/2020\/09\/IMG_4816-600x450.jpg 600w, https:\/\/www.hoferarchitettura.ch\/wp-content\/uploads\/2020\/09\/IMG_4816-800x600.jpg 800w, https:\/\/www.hoferarchitettura.ch\/wp-content\/uploads\/2020\/09\/IMG_4816-1200x900.jpg 1200w, https:\/\/www.hoferarchitettura.ch\/wp-content\/uploads\/2020\/09\/IMG_4816.jpg 1280w\" sizes=\"(max-width: 800px) 100vw, 600px\" \/><\/span><\/div><div class=\"fusion-sep-clear\"><\/div><div class=\"fusion-separator fusion-full-width-sep\" style=\"margin-left: auto;margin-right: auto;margin-bottom:15px;width:100%;\"><\/div><div class=\"fusion-sep-clear\"><\/div><div class=\"fusion-title title fusion-title-8 fusion-sep-none fusion-title-text fusion-title-size-one\" style=\"--awb-margin-bottom:0px;--awb-margin-top-small:10px;--awb-margin-right-small:0px;--awb-margin-bottom-small:10px;--awb-margin-left-small:0px;--awb-sep-color:#eaeaea;\"><h1 class=\"fusion-title-heading title-heading-left fusion-responsive-typography-calculated\" style=\"margin:0;--fontSize:30;line-height:1.2;\"><h1>4\u00bd-Zimmer-Wohnung<\/h1>\n<h3>Brissago<\/h3><\/h1><\/div><div class=\"fusion-text fusion-text-8\" style=\"--awb-text-transform:none;\"><p>In einem Wohnquartier im Zentrum von Brissago, mit Seepromenade mit unverbaubarer See- und Bergsicht, Standardausbau, mit Kellerraum.<\/p>\n<h3 class=\"\" style=\"--fontsize: 24; line-height: 1.5; --minfontsize: 24;\" data-fontsize=\"24\" data-lineheight=\"36px\">CHF 500&#8217;000.\u2013<\/h3>\n<\/div><div class=\"fusion-sep-clear\"><\/div><div class=\"fusion-separator fusion-full-width-sep\" style=\"margin-left: auto;margin-right: auto;margin-bottom:15px;width:100%;\"><\/div><div class=\"fusion-sep-clear\"><\/div><div class=\"fusion-button-wrapper fusion-align-block\"><a class=\"fusion-button button-flat button-xlarge button-custom fusion-button-default button-8 fusion-button-span-yes \" style=\"--button_accent_color:#ffffff;--button_border_color:#ffffff;--button_accent_hover_color:#ffffff;--button_border_hover_color:#ffffff;--button_gradient_top_color:#b5d49b;--button_gradient_bottom_color:#b5d49b;--button_gradient_top_color_hover:#98d365;--button_gradient_bottom_color_hover:#98d365;\" target=\"_blank\" rel=\"noopener noreferrer\" title=\"scheda pdf\" aria-label=\"scheda pdf\" href=\"https:\/\/www.hoferarchitettura.ch\/wp-content\/uploads\/2023\/06\/Doc-4-1-2.pdf\"><i class=\"fa-file-alt fas awb-button__icon awb-button__icon--default button-icon-left\" aria-hidden=\"true\"><\/i><span class=\"fusion-button-text awb-button__text awb-button__text--default\">Datenblatt (PDF)<\/span><\/a><\/div><div class=\"fusion-clearfix\"><\/div><\/div><\/div><div class=\"fusion-layout-column fusion_builder_column fusion-builder-column-8 fusion_builder_column_1_2 1_2 fusion-one-half fusion-column-first fusion-animated\" style=\"--awb-padding-top:15px;--awb-padding-right:15px;--awb-padding-bottom:15px;--awb-padding-left:15px;--awb-bg-color:#f7f7f7;--awb-bg-color-hover:#f7f7f7;--awb-bg-size:cover;--awb-border-color:#eaeaea;--awb-border-top:1px;--awb-border-right:1px;--awb-border-bottom:1px;--awb-border-left:1px;--awb-border-style:solid;--awb-margin-bottom:60px;width:48%; margin-right: 4%;\" data-animationType=\"fadeInDown\" data-animationDuration=\"1\" data-animationOffset=\"top-into-view\"><div class=\"fusion-column-wrapper fusion-flex-column-wrapper-legacy\"><div class=\"fusion-image-element in-legacy-container\" style=\"--awb-caption-title-font-family:var(--h2_typography-font-family);--awb-caption-title-font-weight:var(--h2_typography-font-weight);--awb-caption-title-font-style:var(--h2_typography-font-style);--awb-caption-title-size:var(--h2_typography-font-size);--awb-caption-title-transform:var(--h2_typography-text-transform);--awb-caption-title-line-height:var(--h2_typography-line-height);--awb-caption-title-letter-spacing:var(--h2_typography-letter-spacing);\"><span class=\" fusion-imageframe imageframe-none imageframe-9 hover-type-none\"><img decoding=\"async\" width=\"1024\" height=\"576\" title=\"IMG_1808\" src=\"https:\/\/www.hoferarchitettura.ch\/wp-content\/uploads\/2022\/06\/IMG_1808-1024x576.jpeg\" alt class=\"img-responsive wp-image-399\" srcset=\"https:\/\/www.hoferarchitettura.ch\/wp-content\/uploads\/2022\/06\/IMG_1808-200x112.jpeg 200w, https:\/\/www.hoferarchitettura.ch\/wp-content\/uploads\/2022\/06\/IMG_1808-400x225.jpeg 400w, https:\/\/www.hoferarchitettura.ch\/wp-content\/uploads\/2022\/06\/IMG_1808-600x337.jpeg 600w, https:\/\/www.hoferarchitettura.ch\/wp-content\/uploads\/2022\/06\/IMG_1808-800x450.jpeg 800w, https:\/\/www.hoferarchitettura.ch\/wp-content\/uploads\/2022\/06\/IMG_1808-1200x675.jpeg 1200w\" sizes=\"(max-width: 800px) 100vw, 600px\" \/><\/span><\/div><div class=\"fusion-sep-clear\"><\/div><div class=\"fusion-separator fusion-full-width-sep\" style=\"margin-left: auto;margin-right: auto;margin-bottom:15px;width:100%;\"><\/div><div class=\"fusion-sep-clear\"><\/div><div class=\"fusion-title title fusion-title-9 fusion-sep-none fusion-title-text fusion-title-size-one\" style=\"--awb-margin-bottom:0px;--awb-margin-top-small:10px;--awb-margin-right-small:0px;--awb-margin-bottom-small:10px;--awb-margin-left-small:0px;--awb-sep-color:#eaeaea;\"><h1 class=\"fusion-title-heading title-heading-left fusion-responsive-typography-calculated\" style=\"margin:0;--fontSize:30;line-height:1.2;\"><h1>Wohnung 2 1\/2 Zimmer<\/h1>\n<h3>Brissago<\/h3><\/h1><\/div><div class=\"fusion-text fusion-text-9\" style=\"--awb-text-transform:none;\"><p>In ruhiger Wohngegend, mit Seepromenade mit unverbaubarem See- und Bergblick, Standardausf\u00fchrungen, gro\u00dfe Dachterrasse, lokales Grottino. Das Geb\u00e4ude befindet sich in einem guten Zustand, da dort immer gr\u00f6\u00dfere Instandhaltungsarbeiten durchgef\u00fchrt wurden, wie Flachdach, Aufzug, Fassaden, etc&#8230;..<\/p>\n<h3 class=\"fusion-responsive-typography-calculated\" style=\"--fontsize: 24; line-height: 1.5; --minfontsize: 24;\" data-fontsize=\"24\" data-lineheight=\"36px\">CHF 350&#8217;000.&#8211;<\/h3>\n<\/div><div class=\"fusion-sep-clear\"><\/div><div class=\"fusion-separator fusion-full-width-sep\" style=\"margin-left: auto;margin-right: auto;margin-bottom:15px;width:100%;\"><\/div><div class=\"fusion-sep-clear\"><\/div><div class=\"fusion-button-wrapper fusion-align-block\"><a class=\"fusion-button button-flat button-xlarge button-custom fusion-button-default button-9 fusion-button-span-yes \" style=\"--button_accent_color:#ffffff;--button_border_color:#ffffff;--button_accent_hover_color:#ffffff;--button_border_hover_color:#ffffff;--button_gradient_top_color:#b5d49b;--button_gradient_bottom_color:#b5d49b;--button_gradient_top_color_hover:#98d365;--button_gradient_bottom_color_hover:#98d365;\" target=\"_blank\" rel=\"noopener noreferrer\" title=\"scheda pdf\" aria-label=\"scheda pdf\" href=\"https:\/\/www.hoferarchitettura.ch\/wp-content\/uploads\/2022\/06\/Doc-2-1-2-2.pdf\"><i class=\"fa-file-alt fas awb-button__icon awb-button__icon--default button-icon-left\" aria-hidden=\"true\"><\/i><span class=\"fusion-button-text awb-button__text awb-button__text--default\">Datenblatt (PDF)<\/span><\/a><\/div><div class=\"fusion-clearfix\"><\/div><\/div><\/div><div class=\"fusion-layout-column fusion_builder_column fusion-builder-column-9 fusion_builder_column_1_2 1_2 fusion-one-half fusion-column-last fusion-animated\" style=\"--awb-padding-top:15px;--awb-padding-right:15px;--awb-padding-bottom:15px;--awb-padding-left:15px;--awb-bg-color:#f7f7f7;--awb-bg-color-hover:#f7f7f7;--awb-bg-size:cover;--awb-border-color:#eaeaea;--awb-border-top:1px;--awb-border-right:1px;--awb-border-bottom:1px;--awb-border-left:1px;--awb-border-style:solid;--awb-margin-bottom:60px;width:48%;\" data-animationType=\"fadeInDown\" data-animationDuration=\"1\" data-animationOffset=\"top-into-view\"><div class=\"fusion-column-wrapper fusion-flex-column-wrapper-legacy\"><div class=\"fusion-image-element in-legacy-container\" style=\"--awb-caption-title-font-family:var(--h2_typography-font-family);--awb-caption-title-font-weight:var(--h2_typography-font-weight);--awb-caption-title-font-style:var(--h2_typography-font-style);--awb-caption-title-size:var(--h2_typography-font-size);--awb-caption-title-transform:var(--h2_typography-text-transform);--awb-caption-title-line-height:var(--h2_typography-line-height);--awb-caption-title-letter-spacing:var(--h2_typography-letter-spacing);\"><span class=\" fusion-imageframe imageframe-none imageframe-10 hover-type-none\"><img decoding=\"async\" width=\"1024\" height=\"683\" title=\"61a3467e3171c675305dc08ec96b905c\" src=\"https:\/\/www.hoferarchitettura.ch\/wp-content\/uploads\/2023\/09\/61a3467e3171c675305dc08ec96b905c-1024x683.jpg\" alt class=\"img-responsive wp-image-493\" srcset=\"https:\/\/www.hoferarchitettura.ch\/wp-content\/uploads\/2023\/09\/61a3467e3171c675305dc08ec96b905c-200x133.jpg 200w, https:\/\/www.hoferarchitettura.ch\/wp-content\/uploads\/2023\/09\/61a3467e3171c675305dc08ec96b905c-400x267.jpg 400w, https:\/\/www.hoferarchitettura.ch\/wp-content\/uploads\/2023\/09\/61a3467e3171c675305dc08ec96b905c-600x400.jpg 600w, https:\/\/www.hoferarchitettura.ch\/wp-content\/uploads\/2023\/09\/61a3467e3171c675305dc08ec96b905c-800x533.jpg 800w, https:\/\/www.hoferarchitettura.ch\/wp-content\/uploads\/2023\/09\/61a3467e3171c675305dc08ec96b905c.jpg 1200w\" sizes=\"(max-width: 800px) 100vw, 600px\" \/><\/span><\/div><div class=\"fusion-sep-clear\"><\/div><div class=\"fusion-separator fusion-full-width-sep\" style=\"margin-left: auto;margin-right: auto;margin-bottom:15px;width:100%;\"><\/div><div class=\"fusion-sep-clear\"><\/div><div class=\"fusion-title title fusion-title-10 fusion-sep-none fusion-title-text fusion-title-size-one\" style=\"--awb-margin-bottom:0px;--awb-margin-top-small:10px;--awb-margin-right-small:0px;--awb-margin-bottom-small:10px;--awb-margin-left-small:0px;--awb-sep-color:#eaeaea;\"><h1 class=\"fusion-title-heading title-heading-left fusion-responsive-typography-calculated\" style=\"margin:0;--fontSize:30;line-height:1.2;\"><h1>Wundersch\u00f6ne, sonnige Wohnung<\/h1>\n<h3>Brissago<\/h3><\/h1><\/div><div class=\"fusion-text fusion-text-10\" style=\"--awb-text-transform:none;\"><p>Dieses Geb\u00e4ude mit Blick auf den See befindet sich in einer sehr ruhigen und sonnigen Gegend. Die Maisonette-Wohnung besteht aus vier ger\u00e4umigen Schlafzimmern, zwei Badezimmern, zwei K\u00fcchen, zwei Kellern und einem ger\u00e4umigen und hellen Wohnzimmer, das \u00fcber eine sch\u00f6ne Terrasse verf\u00fcgt, auf der man G\u00e4ste empfangen kann, w\u00e4hrend man den atemberaubenden Blick auf den Lago Maggiore bewundert. Die Residenz bietet auch viele M\u00f6glichkeiten zur Erholung, wie z.B. ein Au\u00dfenschwimmbad mit gro\u00dfer Sonnenterrasse, einen Wellness-Raum mit Whirlpool, Sauna, t\u00fcrkischem Bad, einen Freizeitraum mit Tischtennis, einen Fitnessraum mit Solarium und eine Grotte f\u00fcr Partys.<\/p>\n<h3><em>Fr. 1&#8217;634&#8217;000.-<\/em><\/h3>\n<\/div><div class=\"fusion-sep-clear\"><\/div><div class=\"fusion-separator fusion-full-width-sep\" style=\"margin-left: auto;margin-right: auto;margin-bottom:15px;width:100%;\"><\/div><div class=\"fusion-sep-clear\"><\/div><div class=\"fusion-button-wrapper fusion-align-block\"><a class=\"fusion-button button-flat button-xlarge button-custom fusion-button-default button-10 fusion-button-span-yes \" style=\"--button_accent_color:#ffffff;--button_border_color:#ffffff;--button_accent_hover_color:#ffffff;--button_border_hover_color:#ffffff;--button_gradient_top_color:#b5d49b;--button_gradient_bottom_color:#b5d49b;--button_gradient_top_color_hover:#98d365;--button_gradient_bottom_color_hover:#98d365;\" target=\"_blank\" rel=\"noopener noreferrer\" title=\"scheda pdf\" aria-label=\"scheda pdf\" href=\"https:\/\/www.hoferarchitettura.ch\/wp-content\/uploads\/2023\/09\/Appartamento-Dupleix.pdf\"><i class=\"fa-file-alt fas awb-button__icon awb-button__icon--default button-icon-left\" aria-hidden=\"true\"><\/i><span class=\"fusion-button-text awb-button__text awb-button__text--default\">Datenblatt (PDF)<\/span><\/a><\/div><div class=\"fusion-clearfix\"><\/div><\/div><\/div><div class=\"fusion-layout-column fusion_builder_column fusion-builder-column-10 fusion_builder_column_1_2 1_2 fusion-one-half fusion-column-first fusion-animated\" style=\"--awb-padding-top:15px;--awb-padding-right:15px;--awb-padding-bottom:15px;--awb-padding-left:15px;--awb-bg-color:#f7f7f7;--awb-bg-color-hover:#f7f7f7;--awb-bg-size:cover;--awb-border-color:#eaeaea;--awb-border-top:1px;--awb-border-right:1px;--awb-border-bottom:1px;--awb-border-left:1px;--awb-border-style:solid;--awb-margin-bottom:60px;width:48%; margin-right: 4%;\" data-animationType=\"fadeInDown\" data-animationDuration=\"1\" data-animationOffset=\"top-into-view\"><div class=\"fusion-column-wrapper fusion-flex-column-wrapper-legacy\"><div class=\"fusion-image-element in-legacy-container\" style=\"--awb-caption-title-font-family:var(--h2_typography-font-family);--awb-caption-title-font-weight:var(--h2_typography-font-weight);--awb-caption-title-font-style:var(--h2_typography-font-style);--awb-caption-title-size:var(--h2_typography-font-size);--awb-caption-title-transform:var(--h2_typography-text-transform);--awb-caption-title-line-height:var(--h2_typography-line-height);--awb-caption-title-letter-spacing:var(--h2_typography-letter-spacing);\"><span class=\" fusion-imageframe imageframe-none imageframe-11 hover-type-none\"><img decoding=\"async\" width=\"1024\" height=\"576\" title=\"IMG_5238\" src=\"https:\/\/www.hoferarchitettura.ch\/wp-content\/uploads\/2025\/06\/IMG_5238-1024x576.jpeg\" alt class=\"img-responsive wp-image-598\" srcset=\"https:\/\/www.hoferarchitettura.ch\/wp-content\/uploads\/2025\/06\/IMG_5238-200x113.jpeg 200w, https:\/\/www.hoferarchitettura.ch\/wp-content\/uploads\/2025\/06\/IMG_5238-400x225.jpeg 400w, https:\/\/www.hoferarchitettura.ch\/wp-content\/uploads\/2025\/06\/IMG_5238-600x338.jpeg 600w, https:\/\/www.hoferarchitettura.ch\/wp-content\/uploads\/2025\/06\/IMG_5238-800x450.jpeg 800w, https:\/\/www.hoferarchitettura.ch\/wp-content\/uploads\/2025\/06\/IMG_5238-1200x675.jpeg 1200w\" sizes=\"(max-width: 800px) 100vw, 600px\" \/><\/span><\/div><div class=\"fusion-sep-clear\"><\/div><div class=\"fusion-separator fusion-full-width-sep\" style=\"margin-left: auto;margin-right: auto;margin-bottom:15px;width:100%;\"><\/div><div class=\"fusion-sep-clear\"><\/div><div class=\"fusion-title title fusion-title-11 fusion-sep-none fusion-title-text fusion-title-size-one\" style=\"--awb-margin-bottom:0px;--awb-margin-top-small:10px;--awb-margin-right-small:0px;--awb-margin-bottom-small:10px;--awb-margin-left-small:0px;--awb-sep-color:#eaeaea;\"><h1 class=\"fusion-title-heading title-heading-left fusion-responsive-typography-calculated\" style=\"margin:0;--fontSize:30;line-height:1.2;\"><h1>3 1\/2 Zimmer Haus<\/h1>\n<h1>Brissago<\/h1><\/h1><\/div><div class=\"fusion-text fusion-text-11\" style=\"--awb-text-transform:none;\"><p><em>Dieses Dreizimmerhaus befindet sich an einer ruhigen Lage oberhalb des Hafens Porto alla Ressiga. \u00d6ffentliche Verkehrsmittel, Schule und Gesch\u00e4fte befinden sich in der N\u00e4he der Liegenschaft. Ein sch\u00f6ner Garten mit vielen Palmen erlaubt eine sch\u00f6ne Aussicht auf die umliegenden Berge und den Lago Maggiore. Die Parzelle 288 liegt direkt an der Zufahrt Hauptstrasse. Die Hauptparzelle 3414 hat eine Fl\u00e4che von 408 m\u00b2 und liegt in der intensiven Bauzone (\u00dcZ=60%\/AZ=1.5). <\/em><em>Die Liegenschaft erreicht man \u00fcber die \u00f6ffentliche Treppe von der Kantonsstrasse oder dem Fussweg Via Mozzana<\/em><\/p>\n<h3><em>Fr. 310&#8217;000.-<\/em><\/h3>\n<\/div><div class=\"fusion-sep-clear\"><\/div><div class=\"fusion-separator fusion-full-width-sep\" style=\"margin-left: auto;margin-right: auto;margin-bottom:15px;width:100%;\"><\/div><div class=\"fusion-sep-clear\"><\/div><div class=\"fusion-button-wrapper fusion-align-block\"><a class=\"fusion-button button-flat button-xlarge button-custom fusion-button-default button-11 fusion-button-span-yes \" style=\"--button_accent_color:#ffffff;--button_border_color:#ffffff;--button_accent_hover_color:#ffffff;--button_border_hover_color:#ffffff;--button_gradient_top_color:#b5d49b;--button_gradient_bottom_color:#b5d49b;--button_gradient_top_color_hover:#98d365;--button_gradient_bottom_color_hover:#98d365;\" target=\"_blank\" rel=\"noopener noreferrer\" title=\"scheda pdf\" aria-label=\"scheda pdf\" href=\"https:\/\/www.hoferarchitettura.ch\/wp-content\/uploads\/2025\/06\/Doc-31-2-locali.pdf\"><i class=\"fa-file-alt fas awb-button__icon awb-button__icon--default button-icon-left\" aria-hidden=\"true\"><\/i><span class=\"fusion-button-text awb-button__text awb-button__text--default\">Datenblatt (PDF)<\/span><\/a><\/div><div class=\"fusion-clearfix\"><\/div><\/div><\/div><\/div><\/div>\n","protected":false},"excerpt":{"rendered":"","protected":false},"author":1,"featured_media":0,"parent":0,"menu_order":0,"comment_status":"closed","ping_status":"closed","template":"","meta":{"footnotes":""},"class_list":["post-559","page","type-page","status-publish","hentry"],"_links":{"self":[{"href":"https:\/\/www.hoferarchitettura.ch\/de\/wp-json\/wp\/v2\/pages\/559","targetHints":{"allow":["GET"]}}],"collection":[{"href":"https:\/\/www.hoferarchitettura.ch\/de\/wp-json\/wp\/v2\/pages"}],"about":[{"href":"https:\/\/www.hoferarchitettura.ch\/de\/wp-json\/wp\/v2\/types\/page"}],"author":[{"embeddable":true,"href":"https:\/\/www.hoferarchitettura.ch\/de\/wp-json\/wp\/v2\/users\/1"}],"replies":[{"embeddable":true,"href":"https:\/\/www.hoferarchitettura.ch\/de\/wp-json\/wp\/v2\/comments?post=559"}],"version-history":[{"count":4,"href":"https:\/\/www.hoferarchitettura.ch\/de\/wp-json\/wp\/v2\/pages\/559\/revisions"}],"predecessor-version":[{"id":612,"href":"https:\/\/www.hoferarchitettura.ch\/de\/wp-json\/wp\/v2\/pages\/559\/revisions\/612"}],"wp:attachment":[{"href":"https:\/\/www.hoferarchitettura.ch\/de\/wp-json\/wp\/v2\/media?parent=559"}],"curies":[{"name":"wp","href":"https:\/\/api.w.org\/{rel}","templated":true}]}}